{"id":27,"date":"2021-04-28T20:35:53","date_gmt":"2021-04-28T20:35:53","guid":{"rendered":"https:\/\/mercedariasbarriosaltos.edu.pe\/?page_id=27"},"modified":"2025-05-26T18:57:55","modified_gmt":"2025-05-26T18:57:55","slug":"el-colegio","status":"publish","type":"page","link":"https:\/\/mercedariasbarriosaltos.edu.pe\/?page_id=27","title":{"rendered":"EL COLEGIO"},"content":{"rendered":"\t\t<div data-elementor-type=\"wp-page\" data-elementor-id=\"27\" class=\"elementor elementor-27\" data-elementor-settings=\"{&quot;ha_cmc_init_switcher&quot;:&quot;no&quot;}\">\n\t\t\t\t\t\t<section class=\"elementor-section elementor-top-section elementor-element elementor-element-6ec7b08 elementor-section-full_width elementor-section-stretched elementor-section-height-default elementor-section-height-default\" data-id=\"6ec7b08\" data-element_type=\"section\" data-e-type=\"section\" data-settings=\"{&quot;stretch_section&quot;:&quot;section-stretched&quot;,&quot;background_background&quot;:&quot;classic&quot;,&quot;_ha_eqh_enable&quot;:false}\">\n\t\t\t\t\t\t<div class=\"elementor-container elementor-column-gap-default\">\n\t\t\t\t\t<div class=\"elementor-column elementor-col-100 elementor-top-column elementor-element elementor-element-7856158\" data-id=\"7856158\" data-element_type=\"column\" data-e-type=\"column\">\n\t\t\t<div class=\"elementor-widget-wrap elementor-element-populated\">\n\t\t\t\t\t\t<div class=\"elementor-element elementor-element-e1bf1de elementor-widget elementor-widget-spacer\" data-id=\"e1bf1de\" data-element_type=\"widget\" data-e-type=\"widget\" data-widget_type=\"spacer.default\">\n\t\t\t\t<div class=\"elementor-widget-container\">\n\t\t\t\t\t\t\t<div class=\"elementor-spacer\">\n\t\t\t<div class=\"elementor-spacer-inner\"><\/div>\n\t\t<\/div>\n\t\t\t\t\t\t<\/div>\n\t\t\t\t<\/div>\n\t\t\t\t\t<\/div>\n\t\t<\/div>\n\t\t\t\t\t<\/div>\n\t\t<\/section>\n\t\t\t\t<section class=\"elementor-section elementor-top-section elementor-element elementor-element-6eec14bc elementor-reverse-mobile elementor-section-full_width elementor-section-height-default elementor-section-height-default elementor-invisible\" data-id=\"6eec14bc\" data-element_type=\"section\" data-e-type=\"section\" data-settings=\"{&quot;animation&quot;:&quot;fadeInDown&quot;,&quot;_ha_eqh_enable&quot;:false}\">\n\t\t\t\t\t\t<div class=\"elementor-container elementor-column-gap-no\">\n\t\t\t\t\t<div class=\"elementor-column elementor-col-50 elementor-top-column elementor-element elementor-element-1116572f\" data-id=\"1116572f\" data-element_type=\"column\" data-e-type=\"column\">\n\t\t\t<div class=\"elementor-widget-wrap elementor-element-populated\">\n\t\t\t\t\t\t<div class=\"elementor-element elementor-element-30b6d9dd elementor-widget elementor-widget-heading\" data-id=\"30b6d9dd\" data-element_type=\"widget\" data-e-type=\"widget\" data-widget_type=\"heading.default\">\n\t\t\t\t<div class=\"elementor-widget-container\">\n\t\t\t\t\t<h4 class=\"elementor-heading-title elementor-size-default\">Misi\u00f3n<\/h4>\t\t\t\t<\/div>\n\t\t\t\t<\/div>\n\t\t\t\t<div class=\"elementor-element elementor-element-1b0b1363 elementor-widget elementor-widget-text-editor\" data-id=\"1b0b1363\" data-element_type=\"widget\" data-e-type=\"widget\" data-widget_type=\"text-editor.default\">\n\t\t\t\t<div class=\"elementor-widget-container\">\n\t\t\t\t\t\t\t\t\t<p class=\"rtejustify\">Somos una Instituci\u00f3n Educativa que educa en los tres niveles de educaci\u00f3n b\u00e1sica regular, formada por religiosas mercedarias misioneras y laicos, teniendo como modelos a Jesucristo Redentor, Mar\u00eda de la Merced y Lutgarda Mas i Mateu.<\/p><p class=\"rtejustify\">Brindamos a la comunidad donde nos encontramos\u00a0 una educaci\u00f3n humana, cristiana, integral y liberadora, buscando que cada uno de sus miembros sea agente activo y transformador de la sociedad respetando la dignidad humana y liberando a partir de su propia liberaci\u00f3n.<\/p>\t\t\t\t\t\t\t\t<\/div>\n\t\t\t\t<\/div>\n\t\t\t\t<div class=\"elementor-element elementor-element-fe173a5 elementor-invisible elementor-widget elementor-widget-prime-slider-dragon\" data-id=\"fe173a5\" data-element_type=\"widget\" data-e-type=\"widget\" data-settings=\"{&quot;_animation&quot;:&quot;fadeIn&quot;}\" data-widget_type=\"prime-slider-dragon.default\">\n\t\t\t\t<div class=\"elementor-widget-container\">\n\t\t\t\t\t\t\t<div class=\"bdt-prime-slider\">\n\t\t\t<div class=\"bdt-prime-slider-dragon\">\n\t\t\t\t<div class=\"bdt-position-relative bdt-visible-toggle\" data-settings=\"{&quot;id&quot;:&quot;#bdt-fe173a5&quot;,&quot;animation_status&quot;:&quot;no&quot;}\" id=\"bdt-fe173a5\" bdt-slideshow=\"{&quot;animation&quot;:&quot;fade&quot;,&quot;ratio&quot;:&quot;16:9&quot;,&quot;min-height&quot;:&quot;440&quot;,&quot;autoplay&quot;:true,&quot;autoplay-interval&quot;:7000,&quot;pause-on-hover&quot;:false,&quot;velocity&quot;:1,&quot;finite&quot;:false}\">\n\t\t\t\t\t<ul class=\"bdt-slideshow-items\">\n\t\t\t\t\t\t\t\t<li class=\"bdt-slideshow-item bdt-flex bdt-flex-middle elementor-repeater-item-3b1b97d\">\n\n\t\t\t<div class=\"bdt-ps-dragon-bg\">\n\t\t\t\t\n\t\t\t\t\t\t<div class=\"bdt-ps-slide-img\"\n\t\t\t\t\t\t\tstyle=\"background-image: url('https:\/\/mercedariasbarriosaltos.edu.pe\/wp-content\/uploads\/2021\/04\/elcolegio_0.jpg')\"><\/div>\n\n\t\t\t\t\t\t\t\t\t<\/div>\n\n\t\t\t<div class=\"bdt-ps-dragon-slide-image\">\n\t\t\t\t\n\t\t\t\t\t\t<div class=\"bdt-ps-slide-img\"\n\t\t\t\t\t\t\tstyle=\"background-image: url('https:\/\/mercedariasbarriosaltos.edu.pe\/wp-content\/uploads\/2021\/04\/elcolegio_0.jpg')\"><\/div>\n\n\t\t\t\t\t\t\t\t\t<\/div>\n\n\t\t\t\t\t\t\n\t\t\t\t\t<div class=\"bdt-prime-slider-wrapper\">\n\t\t\t<div class=\"bdt-prime-slider-content\">\n\n\t\t\t\t\n\t\t\t\t\n\t\t\t\t\t\t\t\t\t<div class=\"bdt-slider-excerpt\" data-reveal=\"reveal-active\" data-bdt-slideshow-parallax=\"x: 300,-300; opacity: 1,1,0\">\n\t\t\t\t\t\t<h2><span style=\"color: #ffffff\"><em>Con Dios y Mar\u00eda Juntos por la vida<\/em><\/span><\/h2>\t\t\t\t\t<\/div>\n\t\t\t\t\n\t\t\t\t<div data-bdt-slideshow-parallax=\"x: 400,-400; opacity: 1,1,0\">\n\t\t\t\t\t\n\t\t\t\t\t\t<\/div>\n\t\t\t\t\t\n\t\t\t<\/div>\n\t\t<\/div>\n        \n\t\t<\/li>\n        \t\t<li class=\"bdt-slideshow-item bdt-flex bdt-flex-middle elementor-repeater-item-9107d6c\">\n\n\t\t\t<div class=\"bdt-ps-dragon-bg\">\n\t\t\t\t\n\t\t\t\t\t\t<div class=\"bdt-ps-slide-img\"\n\t\t\t\t\t\t\tstyle=\"background-image: url('https:\/\/mercedariasbarriosaltos.edu.pe\/wp-content\/uploads\/2021\/05\/SAM_7786-1-scaled.jpg')\"><\/div>\n\n\t\t\t\t\t\t\t\t\t<\/div>\n\n\t\t\t<div class=\"bdt-ps-dragon-slide-image\">\n\t\t\t\t\n\t\t\t\t\t\t<div class=\"bdt-ps-slide-img\"\n\t\t\t\t\t\t\tstyle=\"background-image: url('https:\/\/mercedariasbarriosaltos.edu.pe\/wp-content\/uploads\/2021\/05\/SAM_7786-1-scaled.jpg')\"><\/div>\n\n\t\t\t\t\t\t\t\t\t<\/div>\n\n\t\t\t\t\t\t\n\t\t\t\t\t<div class=\"bdt-prime-slider-wrapper\">\n\t\t\t<div class=\"bdt-prime-slider-content\">\n\n\t\t\t\t\n\t\t\t\t\n\t\t\t\t\t\t\t\t\t<div class=\"bdt-slider-excerpt\" data-reveal=\"reveal-active\" data-bdt-slideshow-parallax=\"x: 300,-300; opacity: 1,1,0\">\n\t\t\t\t\t\t<h2><span style=\"color: #ffffff\"><em>Con Dios y Mar\u00eda Juntos por la vida<\/em><\/span><\/h2>\t\t\t\t\t<\/div>\n\t\t\t\t\n\t\t\t\t<div data-bdt-slideshow-parallax=\"x: 400,-400; opacity: 1,1,0\">\n\t\t\t\t\t\n\t\t\t\t\t\t<\/div>\n\t\t\t\t\t\n\t\t\t<\/div>\n\t\t<\/div>\n        \n\t\t<\/li>\n        \t\t<li class=\"bdt-slideshow-item bdt-flex bdt-flex-middle elementor-repeater-item-f065844\">\n\n\t\t\t<div class=\"bdt-ps-dragon-bg\">\n\t\t\t\t\n\t\t\t\t\t\t<div class=\"bdt-ps-slide-img\"\n\t\t\t\t\t\t\tstyle=\"background-image: url('https:\/\/mercedariasbarriosaltos.edu.pe\/wp-content\/uploads\/2021\/05\/SAM_7776-1-scaled.jpg')\"><\/div>\n\n\t\t\t\t\t\t\t\t\t<\/div>\n\n\t\t\t<div class=\"bdt-ps-dragon-slide-image\">\n\t\t\t\t\n\t\t\t\t\t\t<div class=\"bdt-ps-slide-img\"\n\t\t\t\t\t\t\tstyle=\"background-image: url('https:\/\/mercedariasbarriosaltos.edu.pe\/wp-content\/uploads\/2021\/05\/SAM_7776-1-scaled.jpg')\"><\/div>\n\n\t\t\t\t\t\t\t\t\t<\/div>\n\n\t\t\t\t\t\t\n\t\t\t\t\t<div class=\"bdt-prime-slider-wrapper\">\n\t\t\t<div class=\"bdt-prime-slider-content\">\n\n\t\t\t\t\n\t\t\t\t\n\t\t\t\t\t\t\t\t\t<div class=\"bdt-slider-excerpt\" data-reveal=\"reveal-active\" data-bdt-slideshow-parallax=\"x: 300,-300; opacity: 1,1,0\">\n\t\t\t\t\t\t<h2><span style=\"color: #ffffff\"><em>Con Dios y Mar\u00eda Juntos por la vida<\/em><\/span><\/h2>\t\t\t\t\t<\/div>\n\t\t\t\t\n\t\t\t\t<div data-bdt-slideshow-parallax=\"x: 400,-400; opacity: 1,1,0\">\n\t\t\t\t\t\n\t\t\t\t\t\t<\/div>\n\t\t\t\t\t\n\t\t\t<\/div>\n\t\t<\/div>\n        \n\t\t<\/li>\n        \n\t\t\t\t\t<\/ul>\n\n\t\t\t\t\t            \n        \t\t\t\t\t\n\t\t\t\t<\/div>\n\t\t\t\t\t\t\t<\/div>\n\t\t<\/div>\n        \t\t\t\t<\/div>\n\t\t\t\t<\/div>\n\t\t\t\t\t<\/div>\n\t\t<\/div>\n\t\t\t\t<div class=\"elementor-column elementor-col-50 elementor-top-column elementor-element elementor-element-1e23ad54\" data-id=\"1e23ad54\" data-element_type=\"column\" data-e-type=\"column\">\n\t\t\t<div class=\"elementor-widget-wrap elementor-element-populated\">\n\t\t\t\t\t\t<div class=\"elementor-element elementor-element-2d74c45 elementor-widget elementor-widget-heading\" data-id=\"2d74c45\" data-element_type=\"widget\" data-e-type=\"widget\" data-widget_type=\"heading.default\">\n\t\t\t\t<div class=\"elementor-widget-container\">\n\t\t\t\t\t<h4 class=\"elementor-heading-title elementor-size-default\">Visi\u00f3n<\/h4>\t\t\t\t<\/div>\n\t\t\t\t<\/div>\n\t\t\t\t<div class=\"elementor-element elementor-element-1117977 elementor-widget elementor-widget-text-editor\" data-id=\"1117977\" data-element_type=\"widget\" data-e-type=\"widget\" data-widget_type=\"text-editor.default\">\n\t\t\t\t<div class=\"elementor-widget-container\">\n\t\t\t\t\t\t\t\t\t<p class=\"rtejustify\">Ser una comunidad educativa pastoral de calidad que viva el carisma mercedario, promoviendo el desarrollo socio-cognitivo de nuestros estudiantes y\u00a0 afianzando en ellos la libertad de cualquier tipo de cautividad.\u00a0<\/p><p class=\"rtejustify\">Deseamos tambi\u00e9n brindar proyectos alternativos que permitan a nuestros estudiantes una inserci\u00f3n laboral adecuada a la sociedad, produciendo por medio de ellos cambios en la familia y en el cuidado del medio ambiente.<\/p>\t\t\t\t\t\t\t\t<\/div>\n\t\t\t\t<\/div>\n\t\t\t\t\t<\/div>\n\t\t<\/div>\n\t\t\t\t\t<\/div>\n\t\t<\/section>\n\t\t\t\t<section class=\"elementor-section elementor-top-section elementor-element elementor-element-938e01d elementor-section-full_width elementor-section-stretched elementor-section-height-default elementor-section-height-default\" data-id=\"938e01d\" data-element_type=\"section\" data-e-type=\"section\" data-settings=\"{&quot;stretch_section&quot;:&quot;section-stretched&quot;,&quot;background_background&quot;:&quot;classic&quot;,&quot;_ha_eqh_enable&quot;:false}\">\n\t\t\t\t\t\t<div class=\"elementor-container elementor-column-gap-default\">\n\t\t\t\t\t<div class=\"elementor-column elementor-col-100 elementor-top-column elementor-element elementor-element-cb25c86\" data-id=\"cb25c86\" data-element_type=\"column\" data-e-type=\"column\">\n\t\t\t<div class=\"elementor-widget-wrap elementor-element-populated\">\n\t\t\t\t\t\t<div class=\"elementor-element elementor-element-5f37b20 elementor-widget elementor-widget-spacer\" data-id=\"5f37b20\" data-element_type=\"widget\" data-e-type=\"widget\" data-widget_type=\"spacer.default\">\n\t\t\t\t<div class=\"elementor-widget-container\">\n\t\t\t\t\t\t\t<div class=\"elementor-spacer\">\n\t\t\t<div class=\"elementor-spacer-inner\"><\/div>\n\t\t<\/div>\n\t\t\t\t\t\t<\/div>\n\t\t\t\t<\/div>\n\t\t\t\t\t<\/div>\n\t\t<\/div>\n\t\t\t\t\t<\/div>\n\t\t<\/section>\n\t\t\t\t<section class=\"elementor-section elementor-top-section elementor-element elementor-element-7223a47 elementor-section-full_width elementor-section-stretched elementor-section-height-default elementor-section-height-default\" data-id=\"7223a47\" data-element_type=\"section\" data-e-type=\"section\" data-settings=\"{&quot;stretch_section&quot;:&quot;section-stretched&quot;,&quot;_ha_eqh_enable&quot;:false}\">\n\t\t\t\t\t\t<div class=\"elementor-container elementor-column-gap-no\">\n\t\t\t\t\t<div class=\"elementor-column elementor-col-100 elementor-top-column elementor-element elementor-element-85a6f98\" data-id=\"85a6f98\" data-element_type=\"column\" data-e-type=\"column\" data-settings=\"{&quot;background_background&quot;:&quot;classic&quot;}\">\n\t\t\t<div class=\"elementor-widget-wrap elementor-element-populated\">\n\t\t\t\t\t\t<div class=\"elementor-element elementor-element-ed311c3 elementor-widget elementor-widget-image\" data-id=\"ed311c3\" data-element_type=\"widget\" data-e-type=\"widget\" data-widget_type=\"image.default\">\n\t\t\t\t<div class=\"elementor-widget-container\">\n\t\t\t\t\t\t\t\t\t\t\t\t\t\t\t<img fetchpriority=\"high\" decoding=\"async\" width=\"741\" height=\"135\" src=\"https:\/\/mercedariasbarriosaltos.edu.pe\/wp-content\/uploads\/2021\/05\/Propuesta-educativa-basada-en-valores.png\" class=\"attachment-medium_large size-medium_large wp-image-245\" alt=\"\" srcset=\"https:\/\/mercedariasbarriosaltos.edu.pe\/wp-content\/uploads\/2021\/05\/Propuesta-educativa-basada-en-valores.png 741w, https:\/\/mercedariasbarriosaltos.edu.pe\/wp-content\/uploads\/2021\/05\/Propuesta-educativa-basada-en-valores-300x55.png 300w\" sizes=\"(max-width: 741px) 100vw, 741px\" \/>\t\t\t\t\t\t\t\t\t\t\t\t\t\t\t<\/div>\n\t\t\t\t<\/div>\n\t\t\t\t\t<\/div>\n\t\t<\/div>\n\t\t\t\t\t<\/div>\n\t\t<\/section>\n\t\t\t\t<section class=\"elementor-section elementor-top-section elementor-element elementor-element-225066d elementor-section-full_width elementor-section-stretched elementor-section-height-default elementor-section-height-default\" data-id=\"225066d\" data-element_type=\"section\" data-e-type=\"section\" data-settings=\"{&quot;stretch_section&quot;:&quot;section-stretched&quot;,&quot;background_background&quot;:&quot;classic&quot;,&quot;_ha_eqh_enable&quot;:false}\">\n\t\t\t\t\t\t<div class=\"elementor-container elementor-column-gap-no\">\n\t\t\t\t\t<div class=\"elementor-column elementor-col-14 elementor-top-column elementor-element elementor-element-b9b8815\" data-id=\"b9b8815\" data-element_type=\"column\" data-e-type=\"column\">\n\t\t\t<div class=\"elementor-widget-wrap\">\n\t\t\t\t\t\t\t<\/div>\n\t\t<\/div>\n\t\t\t\t<div class=\"elementor-column elementor-col-14 elementor-top-column elementor-element elementor-element-f65660d\" data-id=\"f65660d\" data-element_type=\"column\" data-e-type=\"column\" data-settings=\"{&quot;background_background&quot;:&quot;classic&quot;}\">\n\t\t\t<div class=\"elementor-widget-wrap elementor-element-populated\">\n\t\t\t\t\t\t<div class=\"elementor-element elementor-element-d9c81d2 elementor-widget elementor-widget-spacer\" data-id=\"d9c81d2\" data-element_type=\"widget\" data-e-type=\"widget\" data-widget_type=\"spacer.default\">\n\t\t\t\t<div class=\"elementor-widget-container\">\n\t\t\t\t\t\t\t<div class=\"elementor-spacer\">\n\t\t\t<div class=\"elementor-spacer-inner\"><\/div>\n\t\t<\/div>\n\t\t\t\t\t\t<\/div>\n\t\t\t\t<\/div>\n\t\t\t\t<div class=\"elementor-element elementor-element-c1e8bbd ha-css-transform-yes elementor-widget elementor-widget-image\" data-id=\"c1e8bbd\" data-element_type=\"widget\" data-e-type=\"widget\" data-widget_type=\"image.default\">\n\t\t\t\t<div class=\"elementor-widget-container\">\n\t\t\t\t\t\t\t\t\t\t\t\t\t\t\t<img decoding=\"async\" width=\"100\" height=\"114\" src=\"https:\/\/mercedariasbarriosaltos.edu.pe\/wp-content\/uploads\/2021\/04\/22.png\" class=\"attachment-large size-large wp-image-136\" alt=\"\" \/>\t\t\t\t\t\t\t\t\t\t\t\t\t\t\t<\/div>\n\t\t\t\t<\/div>\n\t\t\t\t<div class=\"elementor-element elementor-element-871c433 ha-css-transform-yes elementor-widget elementor-widget-heading\" data-id=\"871c433\" data-element_type=\"widget\" data-e-type=\"widget\" data-widget_type=\"heading.default\">\n\t\t\t\t<div class=\"elementor-widget-container\">\n\t\t\t\t\t<h2 class=\"elementor-heading-title elementor-size-default\">Participaci\u00f3n<\/h2>\t\t\t\t<\/div>\n\t\t\t\t<\/div>\n\t\t\t\t\t<\/div>\n\t\t<\/div>\n\t\t\t\t<div class=\"elementor-column elementor-col-14 elementor-top-column elementor-element elementor-element-906d85a\" data-id=\"906d85a\" data-element_type=\"column\" data-e-type=\"column\">\n\t\t\t<div class=\"elementor-widget-wrap\">\n\t\t\t\t\t\t\t<\/div>\n\t\t<\/div>\n\t\t\t\t<div class=\"elementor-column elementor-col-14 elementor-top-column elementor-element elementor-element-c1d5c9a\" data-id=\"c1d5c9a\" data-element_type=\"column\" data-e-type=\"column\" data-settings=\"{&quot;background_background&quot;:&quot;classic&quot;}\">\n\t\t\t<div class=\"elementor-widget-wrap elementor-element-populated\">\n\t\t\t\t\t\t<div class=\"elementor-element elementor-element-61bd7c6 elementor-widget elementor-widget-spacer\" data-id=\"61bd7c6\" data-element_type=\"widget\" data-e-type=\"widget\" data-widget_type=\"spacer.default\">\n\t\t\t\t<div class=\"elementor-widget-container\">\n\t\t\t\t\t\t\t<div class=\"elementor-spacer\">\n\t\t\t<div class=\"elementor-spacer-inner\"><\/div>\n\t\t<\/div>\n\t\t\t\t\t\t<\/div>\n\t\t\t\t<\/div>\n\t\t\t\t<div class=\"elementor-element elementor-element-aa51ee1 ha-css-transform-yes elementor-widget elementor-widget-image\" data-id=\"aa51ee1\" data-element_type=\"widget\" data-e-type=\"widget\" data-widget_type=\"image.default\">\n\t\t\t\t<div class=\"elementor-widget-container\">\n\t\t\t\t\t\t\t\t\t\t\t\t\t\t\t<img decoding=\"async\" width=\"121\" height=\"124\" src=\"https:\/\/mercedariasbarriosaltos.edu.pe\/wp-content\/uploads\/2021\/04\/27.png\" class=\"attachment-large size-large wp-image-137\" alt=\"\" \/>\t\t\t\t\t\t\t\t\t\t\t\t\t\t\t<\/div>\n\t\t\t\t<\/div>\n\t\t\t\t<div class=\"elementor-element elementor-element-6efcf56 ha-css-transform-yes elementor-widget elementor-widget-heading\" data-id=\"6efcf56\" data-element_type=\"widget\" data-e-type=\"widget\" data-widget_type=\"heading.default\">\n\t\t\t\t<div class=\"elementor-widget-container\">\n\t\t\t\t\t<h2 class=\"elementor-heading-title elementor-size-default\">Justicia<\/h2>\t\t\t\t<\/div>\n\t\t\t\t<\/div>\n\t\t\t\t\t<\/div>\n\t\t<\/div>\n\t\t\t\t<div class=\"elementor-column elementor-col-14 elementor-top-column elementor-element elementor-element-bc18b5a\" data-id=\"bc18b5a\" data-element_type=\"column\" data-e-type=\"column\">\n\t\t\t<div class=\"elementor-widget-wrap\">\n\t\t\t\t\t\t\t<\/div>\n\t\t<\/div>\n\t\t\t\t<div class=\"elementor-column elementor-col-14 elementor-top-column elementor-element elementor-element-093dadb\" data-id=\"093dadb\" data-element_type=\"column\" data-e-type=\"column\" data-settings=\"{&quot;background_background&quot;:&quot;classic&quot;}\">\n\t\t\t<div class=\"elementor-widget-wrap elementor-element-populated\">\n\t\t\t\t\t\t<div class=\"elementor-element elementor-element-56e039c elementor-widget elementor-widget-spacer\" data-id=\"56e039c\" data-element_type=\"widget\" data-e-type=\"widget\" data-widget_type=\"spacer.default\">\n\t\t\t\t<div class=\"elementor-widget-container\">\n\t\t\t\t\t\t\t<div class=\"elementor-spacer\">\n\t\t\t<div class=\"elementor-spacer-inner\"><\/div>\n\t\t<\/div>\n\t\t\t\t\t\t<\/div>\n\t\t\t\t<\/div>\n\t\t\t\t<div class=\"elementor-element elementor-element-dcd4210 ha-css-transform-yes elementor-widget elementor-widget-image\" data-id=\"dcd4210\" data-element_type=\"widget\" data-e-type=\"widget\" data-widget_type=\"image.default\">\n\t\t\t\t<div class=\"elementor-widget-container\">\n\t\t\t\t\t\t\t\t\t\t\t\t\t\t\t<img loading=\"lazy\" decoding=\"async\" width=\"115\" height=\"99\" src=\"https:\/\/mercedariasbarriosaltos.edu.pe\/wp-content\/uploads\/2021\/04\/26.png\" class=\"attachment-large size-large wp-image-138\" alt=\"\" \/>\t\t\t\t\t\t\t\t\t\t\t\t\t\t\t<\/div>\n\t\t\t\t<\/div>\n\t\t\t\t<div class=\"elementor-element elementor-element-18f4832 ha-css-transform-yes elementor-widget elementor-widget-heading\" data-id=\"18f4832\" data-element_type=\"widget\" data-e-type=\"widget\" data-widget_type=\"heading.default\">\n\t\t\t\t<div class=\"elementor-widget-container\">\n\t\t\t\t\t<h2 class=\"elementor-heading-title elementor-size-default\">Verdad<\/h2>\t\t\t\t<\/div>\n\t\t\t\t<\/div>\n\t\t\t\t\t<\/div>\n\t\t<\/div>\n\t\t\t\t<div class=\"elementor-column elementor-col-14 elementor-top-column elementor-element elementor-element-774f196\" data-id=\"774f196\" data-element_type=\"column\" data-e-type=\"column\">\n\t\t\t<div class=\"elementor-widget-wrap\">\n\t\t\t\t\t\t\t<\/div>\n\t\t<\/div>\n\t\t\t\t\t<\/div>\n\t\t<\/section>\n\t\t\t\t<section class=\"elementor-section elementor-top-section elementor-element elementor-element-e5b9f3b elementor-section-full_width elementor-section-stretched elementor-section-height-default elementor-section-height-default\" data-id=\"e5b9f3b\" data-element_type=\"section\" data-e-type=\"section\" data-settings=\"{&quot;stretch_section&quot;:&quot;section-stretched&quot;,&quot;_ha_eqh_enable&quot;:false}\">\n\t\t\t\t\t\t<div class=\"elementor-container elementor-column-gap-no\">\n\t\t\t\t\t<div class=\"elementor-column elementor-col-100 elementor-top-column elementor-element elementor-element-27037cc\" data-id=\"27037cc\" data-element_type=\"column\" data-e-type=\"column\" data-settings=\"{&quot;background_background&quot;:&quot;classic&quot;}\">\n\t\t\t<div class=\"elementor-widget-wrap elementor-element-populated\">\n\t\t\t\t\t\t<div class=\"elementor-element elementor-element-b9a66af elementor-widget elementor-widget-image\" data-id=\"b9a66af\" data-element_type=\"widget\" data-e-type=\"widget\" data-widget_type=\"image.default\">\n\t\t\t\t<div class=\"elementor-widget-container\">\n\t\t\t\t\t\t\t\t\t\t\t\t\t\t\t<img loading=\"lazy\" decoding=\"async\" width=\"300\" height=\"46\" src=\"https:\/\/mercedariasbarriosaltos.edu.pe\/wp-content\/uploads\/2021\/05\/Sistema-Educativo-300x46.png\" class=\"attachment-medium size-medium wp-image-254\" alt=\"\" srcset=\"https:\/\/mercedariasbarriosaltos.edu.pe\/wp-content\/uploads\/2021\/05\/Sistema-Educativo-300x46.png 300w, https:\/\/mercedariasbarriosaltos.edu.pe\/wp-content\/uploads\/2021\/05\/Sistema-Educativo-768x119.png 768w, https:\/\/mercedariasbarriosaltos.edu.pe\/wp-content\/uploads\/2021\/05\/Sistema-Educativo.png 782w\" sizes=\"(max-width: 300px) 100vw, 300px\" \/>\t\t\t\t\t\t\t\t\t\t\t\t\t\t\t<\/div>\n\t\t\t\t<\/div>\n\t\t\t\t\t<\/div>\n\t\t<\/div>\n\t\t\t\t\t<\/div>\n\t\t<\/section>\n\t\t\t\t<section class=\"elementor-section elementor-top-section elementor-element elementor-element-96d8087 elementor-section-full_width elementor-section-stretched elementor-section-height-default elementor-section-height-default\" data-id=\"96d8087\" data-element_type=\"section\" data-e-type=\"section\" data-settings=\"{&quot;stretch_section&quot;:&quot;section-stretched&quot;,&quot;background_background&quot;:&quot;classic&quot;,&quot;_ha_eqh_enable&quot;:false}\">\n\t\t\t\t\t\t<div class=\"elementor-container elementor-column-gap-no\">\n\t\t\t\t\t<div class=\"elementor-column elementor-col-14 elementor-top-column elementor-element elementor-element-c1a19b3\" data-id=\"c1a19b3\" data-element_type=\"column\" data-e-type=\"column\">\n\t\t\t<div class=\"elementor-widget-wrap\">\n\t\t\t\t\t\t\t<\/div>\n\t\t<\/div>\n\t\t\t\t<div class=\"elementor-column elementor-col-14 elementor-top-column elementor-element elementor-element-327a12c\" data-id=\"327a12c\" data-element_type=\"column\" data-e-type=\"column\" data-settings=\"{&quot;background_background&quot;:&quot;slideshow&quot;,&quot;background_slideshow_slide_transition&quot;:&quot;slide_right&quot;,&quot;background_slideshow_ken_burns&quot;:&quot;yes&quot;,&quot;background_slideshow_gallery&quot;:[],&quot;background_slideshow_loop&quot;:&quot;yes&quot;,&quot;background_slideshow_slide_duration&quot;:5000,&quot;background_slideshow_transition_duration&quot;:500,&quot;background_slideshow_ken_burns_zoom_direction&quot;:&quot;in&quot;}\">\n\t\t\t<div class=\"elementor-widget-wrap elementor-element-populated\">\n\t\t\t\t\t\t<div class=\"elementor-element elementor-element-602b732 elementor-widget elementor-widget-spacer\" data-id=\"602b732\" data-element_type=\"widget\" data-e-type=\"widget\" data-widget_type=\"spacer.default\">\n\t\t\t\t<div class=\"elementor-widget-container\">\n\t\t\t\t\t\t\t<div class=\"elementor-spacer\">\n\t\t\t<div class=\"elementor-spacer-inner\"><\/div>\n\t\t<\/div>\n\t\t\t\t\t\t<\/div>\n\t\t\t\t<\/div>\n\t\t\t\t<div class=\"elementor-element elementor-element-388938d ha-css-transform-yes elementor-widget elementor-widget-image\" data-id=\"388938d\" data-element_type=\"widget\" data-e-type=\"widget\" data-widget_type=\"image.default\">\n\t\t\t\t<div class=\"elementor-widget-container\">\n\t\t\t\t\t\t\t\t\t\t\t\t\t\t\t<img loading=\"lazy\" decoding=\"async\" width=\"62\" height=\"122\" src=\"https:\/\/mercedariasbarriosaltos.edu.pe\/wp-content\/uploads\/2021\/04\/23.png\" class=\"attachment-large size-large wp-image-139\" alt=\"\" \/>\t\t\t\t\t\t\t\t\t\t\t\t\t\t\t<\/div>\n\t\t\t\t<\/div>\n\t\t\t\t<div class=\"elementor-element elementor-element-3184d8d ha-css-transform-yes elementor-widget elementor-widget-heading\" data-id=\"3184d8d\" data-element_type=\"widget\" data-e-type=\"widget\" data-widget_type=\"heading.default\">\n\t\t\t\t<div class=\"elementor-widget-container\">\n\t\t\t\t\t<h2 class=\"elementor-heading-title elementor-size-default\">Autonom\u00eda<\/h2>\t\t\t\t<\/div>\n\t\t\t\t<\/div>\n\t\t\t\t\t<\/div>\n\t\t<\/div>\n\t\t\t\t<div class=\"elementor-column elementor-col-14 elementor-top-column elementor-element elementor-element-d4b913b\" data-id=\"d4b913b\" data-element_type=\"column\" data-e-type=\"column\">\n\t\t\t<div class=\"elementor-widget-wrap\">\n\t\t\t\t\t\t\t<\/div>\n\t\t<\/div>\n\t\t\t\t<div class=\"elementor-column elementor-col-14 elementor-top-column elementor-element elementor-element-41a3a34\" data-id=\"41a3a34\" data-element_type=\"column\" data-e-type=\"column\" data-settings=\"{&quot;background_background&quot;:&quot;classic&quot;}\">\n\t\t\t<div class=\"elementor-widget-wrap elementor-element-populated\">\n\t\t\t\t\t\t<div class=\"elementor-element elementor-element-a0df386 elementor-widget elementor-widget-spacer\" data-id=\"a0df386\" data-element_type=\"widget\" data-e-type=\"widget\" data-widget_type=\"spacer.default\">\n\t\t\t\t<div class=\"elementor-widget-container\">\n\t\t\t\t\t\t\t<div class=\"elementor-spacer\">\n\t\t\t<div class=\"elementor-spacer-inner\"><\/div>\n\t\t<\/div>\n\t\t\t\t\t\t<\/div>\n\t\t\t\t<\/div>\n\t\t\t\t<div class=\"elementor-element elementor-element-649af90 ha-css-transform-yes elementor-widget elementor-widget-image\" data-id=\"649af90\" data-element_type=\"widget\" data-e-type=\"widget\" data-widget_type=\"image.default\">\n\t\t\t\t<div class=\"elementor-widget-container\">\n\t\t\t\t\t\t\t\t\t\t\t\t\t\t\t<img loading=\"lazy\" decoding=\"async\" width=\"148\" height=\"97\" src=\"https:\/\/mercedariasbarriosaltos.edu.pe\/wp-content\/uploads\/2021\/04\/24.png\" class=\"attachment-large size-large wp-image-140\" alt=\"\" \/>\t\t\t\t\t\t\t\t\t\t\t\t\t\t\t<\/div>\n\t\t\t\t<\/div>\n\t\t\t\t<div class=\"elementor-element elementor-element-d2ce7a2 ha-css-transform-yes elementor-widget elementor-widget-heading\" data-id=\"d2ce7a2\" data-element_type=\"widget\" data-e-type=\"widget\" data-widget_type=\"heading.default\">\n\t\t\t\t<div class=\"elementor-widget-container\">\n\t\t\t\t\t<h2 class=\"elementor-heading-title elementor-size-default\">Solidaridad<\/h2>\t\t\t\t<\/div>\n\t\t\t\t<\/div>\n\t\t\t\t\t<\/div>\n\t\t<\/div>\n\t\t\t\t<div class=\"elementor-column elementor-col-14 elementor-top-column elementor-element elementor-element-ecca52b\" data-id=\"ecca52b\" data-element_type=\"column\" data-e-type=\"column\">\n\t\t\t<div class=\"elementor-widget-wrap\">\n\t\t\t\t\t\t\t<\/div>\n\t\t<\/div>\n\t\t\t\t<div class=\"elementor-column elementor-col-14 elementor-top-column elementor-element elementor-element-1865464\" data-id=\"1865464\" data-element_type=\"column\" data-e-type=\"column\" data-settings=\"{&quot;background_background&quot;:&quot;classic&quot;}\">\n\t\t\t<div class=\"elementor-widget-wrap elementor-element-populated\">\n\t\t\t\t\t\t<div class=\"elementor-element elementor-element-7e09d71 elementor-widget elementor-widget-spacer\" data-id=\"7e09d71\" data-element_type=\"widget\" data-e-type=\"widget\" data-widget_type=\"spacer.default\">\n\t\t\t\t<div class=\"elementor-widget-container\">\n\t\t\t\t\t\t\t<div class=\"elementor-spacer\">\n\t\t\t<div class=\"elementor-spacer-inner\"><\/div>\n\t\t<\/div>\n\t\t\t\t\t\t<\/div>\n\t\t\t\t<\/div>\n\t\t\t\t<div class=\"elementor-element elementor-element-0ce34cd ha-css-transform-yes elementor-widget elementor-widget-image\" data-id=\"0ce34cd\" data-element_type=\"widget\" data-e-type=\"widget\" data-widget_type=\"image.default\">\n\t\t\t\t<div class=\"elementor-widget-container\">\n\t\t\t\t\t\t\t\t\t\t\t\t\t\t\t<img loading=\"lazy\" decoding=\"async\" width=\"134\" height=\"86\" src=\"https:\/\/mercedariasbarriosaltos.edu.pe\/wp-content\/uploads\/2021\/04\/25.png\" class=\"attachment-large size-large wp-image-141\" alt=\"\" \/>\t\t\t\t\t\t\t\t\t\t\t\t\t\t\t<\/div>\n\t\t\t\t<\/div>\n\t\t\t\t<div class=\"elementor-element elementor-element-afedf1b ha-css-transform-yes elementor-widget elementor-widget-heading\" data-id=\"afedf1b\" data-element_type=\"widget\" data-e-type=\"widget\" data-widget_type=\"heading.default\">\n\t\t\t\t<div class=\"elementor-widget-container\">\n\t\t\t\t\t<h2 class=\"elementor-heading-title elementor-size-default\">Fraternidad<\/h2>\t\t\t\t<\/div>\n\t\t\t\t<\/div>\n\t\t\t\t\t<\/div>\n\t\t<\/div>\n\t\t\t\t<div class=\"elementor-column elementor-col-14 elementor-top-column elementor-element elementor-element-7e579fb\" data-id=\"7e579fb\" data-element_type=\"column\" data-e-type=\"column\">\n\t\t\t<div class=\"elementor-widget-wrap\">\n\t\t\t\t\t\t\t<\/div>\n\t\t<\/div>\n\t\t\t\t\t<\/div>\n\t\t<\/section>\n\t\t\t\t<section class=\"elementor-section elementor-top-section elementor-element elementor-element-dacac43 elementor-section-full_width elementor-section-stretched elementor-section-height-default elementor-section-height-default\" data-id=\"dacac43\" data-element_type=\"section\" data-e-type=\"section\" data-settings=\"{&quot;stretch_section&quot;:&quot;section-stretched&quot;,&quot;background_background&quot;:&quot;classic&quot;,&quot;_ha_eqh_enable&quot;:false}\">\n\t\t\t\t\t\t<div class=\"elementor-container elementor-column-gap-default\">\n\t\t\t\t\t<div class=\"elementor-column elementor-col-100 elementor-top-column elementor-element elementor-element-f6a540c\" data-id=\"f6a540c\" data-element_type=\"column\" data-e-type=\"column\">\n\t\t\t<div class=\"elementor-widget-wrap elementor-element-populated\">\n\t\t\t\t\t\t<div class=\"elementor-element elementor-element-84abfd5 elementor-widget elementor-widget-spacer\" data-id=\"84abfd5\" data-element_type=\"widget\" data-e-type=\"widget\" data-widget_type=\"spacer.default\">\n\t\t\t\t<div class=\"elementor-widget-container\">\n\t\t\t\t\t\t\t<div class=\"elementor-spacer\">\n\t\t\t<div class=\"elementor-spacer-inner\"><\/div>\n\t\t<\/div>\n\t\t\t\t\t\t<\/div>\n\t\t\t\t<\/div>\n\t\t\t\t\t<\/div>\n\t\t<\/div>\n\t\t\t\t\t<\/div>\n\t\t<\/section>\n\t\t\t\t<section class=\"elementor-section elementor-top-section elementor-element elementor-element-98d2ae4 elementor-section-boxed elementor-section-height-default elementor-section-height-default\" data-id=\"98d2ae4\" data-element_type=\"section\" data-e-type=\"section\" data-settings=\"{&quot;_ha_eqh_enable&quot;:false}\">\n\t\t\t\t\t\t<div class=\"elementor-container elementor-column-gap-default\">\n\t\t\t\t\t<div class=\"elementor-column elementor-col-100 elementor-top-column elementor-element elementor-element-908a83c\" data-id=\"908a83c\" data-element_type=\"column\" data-e-type=\"column\">\n\t\t\t<div class=\"elementor-widget-wrap elementor-element-populated\">\n\t\t\t\t\t\t<div class=\"elementor-element elementor-element-6a92603 elementor-widget elementor-widget-video\" data-id=\"6a92603\" data-element_type=\"widget\" data-e-type=\"widget\" data-settings=\"{&quot;youtube_url&quot;:&quot;https:\\\/\\\/www.youtube.com\\\/watch?v=bd3SC5isE34&quot;,&quot;video_type&quot;:&quot;youtube&quot;,&quot;controls&quot;:&quot;yes&quot;}\" data-widget_type=\"video.default\">\n\t\t\t\t<div class=\"elementor-widget-container\">\n\t\t\t\t\t\t\t<div class=\"elementor-wrapper elementor-open-inline\">\n\t\t\t<div class=\"elementor-video\"><\/div>\t\t<\/div>\n\t\t\t\t\t\t<\/div>\n\t\t\t\t<\/div>\n\t\t\t\t\t<\/div>\n\t\t<\/div>\n\t\t\t\t\t<\/div>\n\t\t<\/section>\n\t\t\t\t<section class=\"elementor-section elementor-top-section elementor-element elementor-element-f196a44 elementor-section-full_width elementor-section-stretched elementor-section-height-default elementor-section-height-default\" data-id=\"f196a44\" data-element_type=\"section\" data-e-type=\"section\" data-settings=\"{&quot;stretch_section&quot;:&quot;section-stretched&quot;,&quot;background_background&quot;:&quot;classic&quot;,&quot;_ha_eqh_enable&quot;:false}\">\n\t\t\t\t\t\t<div class=\"elementor-container elementor-column-gap-default\">\n\t\t\t\t\t<div class=\"elementor-column elementor-col-100 elementor-top-column elementor-element elementor-element-0ed97d5\" data-id=\"0ed97d5\" data-element_type=\"column\" data-e-type=\"column\">\n\t\t\t<div class=\"elementor-widget-wrap elementor-element-populated\">\n\t\t\t\t\t\t<div class=\"elementor-element elementor-element-9cf8f0c elementor-widget elementor-widget-spacer\" data-id=\"9cf8f0c\" data-element_type=\"widget\" data-e-type=\"widget\" data-widget_type=\"spacer.default\">\n\t\t\t\t<div class=\"elementor-widget-container\">\n\t\t\t\t\t\t\t<div class=\"elementor-spacer\">\n\t\t\t<div class=\"elementor-spacer-inner\"><\/div>\n\t\t<\/div>\n\t\t\t\t\t\t<\/div>\n\t\t\t\t<\/div>\n\t\t\t\t\t<\/div>\n\t\t<\/div>\n\t\t\t\t\t<\/div>\n\t\t<\/section>\n\t\t\t\t<section class=\"elementor-section elementor-top-section elementor-element elementor-element-f28c8b3 elementor-reverse-mobile elementor-section-full_width elementor-section-height-default elementor-section-height-default elementor-invisible\" data-id=\"f28c8b3\" data-element_type=\"section\" data-e-type=\"section\" id=\"nuestrahistoria\" data-settings=\"{&quot;animation&quot;:&quot;fadeInDown&quot;,&quot;_ha_eqh_enable&quot;:false}\">\n\t\t\t\t\t\t<div class=\"elementor-container elementor-column-gap-no\">\n\t\t\t\t\t<div class=\"elementor-column elementor-col-50 elementor-top-column elementor-element elementor-element-5fe8954\" data-id=\"5fe8954\" data-element_type=\"column\" data-e-type=\"column\">\n\t\t\t<div class=\"elementor-widget-wrap elementor-element-populated\">\n\t\t\t\t\t\t<div class=\"elementor-element elementor-element-3a11692 elementor-widget elementor-widget-heading\" data-id=\"3a11692\" data-element_type=\"widget\" data-e-type=\"widget\" data-widget_type=\"heading.default\">\n\t\t\t\t<div class=\"elementor-widget-container\">\n\t\t\t\t\t<h4 class=\"elementor-heading-title elementor-size-default\">Nuestra Historia<\/h4>\t\t\t\t<\/div>\n\t\t\t\t<\/div>\n\t\t\t\t<div class=\"elementor-element elementor-element-57b3b46 elementor-widget elementor-widget-text-editor\" data-id=\"57b3b46\" data-element_type=\"widget\" data-e-type=\"widget\" data-widget_type=\"text-editor.default\">\n\t\t\t\t<div class=\"elementor-widget-container\">\n\t\t\t\t\t\t\t\t\t<p>Evocar el pasado es encender una antorcha de esperanza, que alumbre el presente y se proyecte al futuro. Asi nacio nuestra Institucion Educativa parroquial \u00abNuestra Se\u00f1ora de las Mercedes\u00bb a cargo de las hermanas Religiosas Mercedarias Misioneras.<\/p>\t\t\t\t\t\t\t\t<\/div>\n\t\t\t\t<\/div>\n\t\t\t\t<div class=\"elementor-element elementor-element-b740e5b elementor-align-center elementor-widget elementor-widget-button\" data-id=\"b740e5b\" data-element_type=\"widget\" data-e-type=\"widget\" data-widget_type=\"button.default\">\n\t\t\t\t<div class=\"elementor-widget-container\">\n\t\t\t\t\t\t\t\t\t<div class=\"elementor-button-wrapper\">\n\t\t\t\t\t<a class=\"elementor-button elementor-button-link elementor-size-sm elementor-animation-grow\" href=\"#historia\">\n\t\t\t\t\t\t<span class=\"elementor-button-content-wrapper\">\n\t\t\t\t\t\t\t\t\t<span class=\"elementor-button-text\">RESE\u00d1A HISTORICA<\/span>\n\t\t\t\t\t<\/span>\n\t\t\t\t\t<\/a>\n\t\t\t\t<\/div>\n\t\t\t\t\t\t\t\t<\/div>\n\t\t\t\t<\/div>\n\t\t\t\t\t<\/div>\n\t\t<\/div>\n\t\t\t\t<div class=\"elementor-column elementor-col-50 elementor-top-column elementor-element elementor-element-b90f28b\" data-id=\"b90f28b\" data-element_type=\"column\" data-e-type=\"column\">\n\t\t\t<div class=\"elementor-widget-wrap elementor-element-populated\">\n\t\t\t\t\t\t<div class=\"elementor-element elementor-element-f700abf ha-css-transform-yes elementor-widget elementor-widget-image\" data-id=\"f700abf\" data-element_type=\"widget\" data-e-type=\"widget\" data-widget_type=\"image.default\">\n\t\t\t\t<div class=\"elementor-widget-container\">\n\t\t\t\t\t\t\t\t\t\t\t\t\t\t\t<img loading=\"lazy\" decoding=\"async\" width=\"2560\" height=\"1920\" src=\"https:\/\/mercedariasbarriosaltos.edu.pe\/wp-content\/uploads\/2021\/05\/SAM_7791-1-scaled.jpg\" class=\"attachment-full size-full wp-image-222\" alt=\"\" srcset=\"https:\/\/mercedariasbarriosaltos.edu.pe\/wp-content\/uploads\/2021\/05\/SAM_7791-1-scaled.jpg 2560w, https:\/\/mercedariasbarriosaltos.edu.pe\/wp-content\/uploads\/2021\/05\/SAM_7791-1-300x225.jpg 300w, https:\/\/mercedariasbarriosaltos.edu.pe\/wp-content\/uploads\/2021\/05\/SAM_7791-1-1024x768.jpg 1024w, https:\/\/mercedariasbarriosaltos.edu.pe\/wp-content\/uploads\/2021\/05\/SAM_7791-1-768x576.jpg 768w, https:\/\/mercedariasbarriosaltos.edu.pe\/wp-content\/uploads\/2021\/05\/SAM_7791-1-1536x1152.jpg 1536w, https:\/\/mercedariasbarriosaltos.edu.pe\/wp-content\/uploads\/2021\/05\/SAM_7791-1-2048x1536.jpg 2048w\" sizes=\"(max-width: 2560px) 100vw, 2560px\" \/>\t\t\t\t\t\t\t\t\t\t\t\t\t\t\t<\/div>\n\t\t\t\t<\/div>\n\t\t\t\t<div class=\"elementor-element elementor-element-33f2479 elementor-widget elementor-widget-lae-testimonials-slider\" data-id=\"33f2479\" data-element_type=\"widget\" data-e-type=\"widget\" data-widget_type=\"lae-testimonials-slider.default\">\n\t\t\t\t<div class=\"elementor-widget-container\">\n\t\t\t\t\t\n<div class=\"lae-testimonials-slider lae-testimonials-slider-style1 lae-container\"\n                                 data-settings='{&quot;fade&quot;:false,&quot;autoplay&quot;:true,&quot;autoplay_speed&quot;:5000,&quot;animation_speed&quot;:600,&quot;dots&quot;:false,&quot;arrows&quot;:true,&quot;pause_on_hover&quot;:true,&quot;pause_on_focus&quot;:false,&quot;adaptive_height&quot;:false,&quot;display_columns&quot;:1,&quot;scroll_columns&quot;:1,&quot;tablet_width&quot;:800,&quot;tablet_display_columns&quot;:1,&quot;tablet_scroll_columns&quot;:1,&quot;mobile_width&quot;:480,&quot;mobile_display_columns&quot;:1,&quot;mobile_scroll_columns&quot;:1}'>\n\n        \n            \n            \n<div class=\"lae-testimonial lae-rating-none\">\n\n    <div class=\"lae-testimonial-text\">\n\n        <i class=\"lae-icon-quote\"><\/i>\n\n        \n        <p><strong>CORDINACI\u00d3N DEL EQUIPO DE DEPORTE, ARTE Y CULTURA<\/strong><\/p><p>Fomentar espacios donde los estudiantes desarrollen sus habilidades y destrezas deportivas, proyectos creativos a partir de diferentes expresiones art\u00edsticas presentadas en creaci\u00f3n colectiva de manera virtual o presencial.<\/p>\n    <\/div>\n\n    <div class=\"lae-testimonial-user\">\n\n        <div class=\"lae-image-wrapper\">\n\n            \n            \n                \n            \n        <\/div><!-- .lae-image-wrapper -->\n\n        <div class=\"lae-user-text\">\n\n            <h4 class=\"lae-author-name\">Nerio Taborda<\/h4>\n\n            <div class=\"lae-author-credentials\">Docente<\/div>\n\n        <\/div>\n\n    <\/div><!-- .lae-testimonial-user -->\n\n<\/div><!-- .lae-testimonial -->\n        \n            \n            \n<div class=\"lae-testimonial lae-rating-none\">\n\n    <div class=\"lae-testimonial-text\">\n\n        <i class=\"lae-icon-quote\"><\/i>\n\n        \n        <p><strong>CORDINACI\u00d3N DEL EQUIPO DE DEPORTE, ARTE Y CULTURA<\/strong><\/p><p>Fomentar espacios donde los estudiantes desarrollen sus habilidades y destrezas deportivas, proyectos creativos a partir de diferentes expresiones art\u00edsticas presentadas en creaci\u00f3n colectiva de manera virtual o presencial.<\/p>\n    <\/div>\n\n    <div class=\"lae-testimonial-user\">\n\n        <div class=\"lae-image-wrapper\">\n\n            \n            \n                \n            \n        <\/div><!-- .lae-image-wrapper -->\n\n        <div class=\"lae-user-text\">\n\n            <h4 class=\"lae-author-name\">Pilar Neuhaus <\/h4>\n\n            <div class=\"lae-author-credentials\">Docente<\/div>\n\n        <\/div>\n\n    <\/div><!-- .lae-testimonial-user -->\n\n<\/div><!-- .lae-testimonial -->\n        \n            \n            \n<div class=\"lae-testimonial lae-rating-none\">\n\n    <div class=\"lae-testimonial-text\">\n\n        <i class=\"lae-icon-quote\"><\/i>\n\n        \n        <p><strong>CORDINACI\u00d3N DEL EQUIPO DE DEPORTE, ARTE Y CULTURA<\/strong><\/p><p>Fomentar espacios donde los estudiantes desarrollen sus habilidades y destrezas deportivas, proyectos creativos a partir de diferentes expresiones art\u00edsticas presentadas en creaci\u00f3n colectiva de manera virtual o presencial.<\/p>\n    <\/div>\n\n    <div class=\"lae-testimonial-user\">\n\n        <div class=\"lae-image-wrapper\">\n\n            \n            \n                \n            \n        <\/div><!-- .lae-image-wrapper -->\n\n        <div class=\"lae-user-text\">\n\n            <h4 class=\"lae-author-name\">Eva Mar\u00eda Esp\u00edritu Flores<\/h4>\n\n            <div class=\"lae-author-credentials\">Docente<\/div>\n\n        <\/div>\n\n    <\/div><!-- .lae-testimonial-user -->\n\n<\/div><!-- .lae-testimonial -->\n        \n            \n            \n<div class=\"lae-testimonial lae-rating-none\">\n\n    <div class=\"lae-testimonial-text\">\n\n        <i class=\"lae-icon-quote\"><\/i>\n\n        \n        <p><strong>COO<\/strong>R<strong>DINACI\u00d3N DE COMIT\u00c9 DE GESTI\u00d3N DE BIENESTAR<\/strong><\/p><p>Fomentar Promover y contribuir al aprendizaje y la pr\u00e1ctica de valores, a trav\u00e9s de tareas sencillas; favoreciendo la sana convivencia y la construcci\u00f3n de la paz en los estudiantes y familias de la\u00a0\u00a0\u00a0\u00a0\u00a0 I. E. Pq. Nuestra Se\u00f1ora de las Mercedes<\/p>\n    <\/div>\n\n    <div class=\"lae-testimonial-user\">\n\n        <div class=\"lae-image-wrapper\">\n\n            \n            \n                \n            \n        <\/div><!-- .lae-image-wrapper -->\n\n        <div class=\"lae-user-text\">\n\n            <h4 class=\"lae-author-name\">Betsab\u00e9 Pastrana<\/h4>\n\n            <div class=\"lae-author-credentials\">Docente<\/div>\n\n        <\/div>\n\n    <\/div><!-- .lae-testimonial-user -->\n\n<\/div><!-- .lae-testimonial -->\n        \n            \n            \n<div class=\"lae-testimonial lae-rating-none\">\n\n    <div class=\"lae-testimonial-text\">\n\n        <i class=\"lae-icon-quote\"><\/i>\n\n        \n        <p><strong>COO<\/strong>R<strong>DINACI\u00d3N DE COMIT\u00c9 DE GESTI\u00d3N DE BIENESTAR<\/strong><\/p><p>Fomentar Promover y contribuir al aprendizaje y la pr\u00e1ctica de valores, a trav\u00e9s de tareas sencillas; favoreciendo la sana convivencia y la construcci\u00f3n de la paz en los estudiantes y familias de la\u00a0\u00a0\u00a0\u00a0\u00a0 I. E. Pq. Nuestra Se\u00f1ora de las Mercedes<\/p>\n    <\/div>\n\n    <div class=\"lae-testimonial-user\">\n\n        <div class=\"lae-image-wrapper\">\n\n            \n            \n                \n            \n        <\/div><!-- .lae-image-wrapper -->\n\n        <div class=\"lae-user-text\">\n\n            <h4 class=\"lae-author-name\">Graciela Curay Zapata <\/h4>\n\n            <div class=\"lae-author-credentials\">Docente<\/div>\n\n        <\/div>\n\n    <\/div><!-- .lae-testimonial-user -->\n\n<\/div><!-- .lae-testimonial -->\n        \n            \n            \n<div class=\"lae-testimonial lae-rating-none\">\n\n    <div class=\"lae-testimonial-text\">\n\n        <i class=\"lae-icon-quote\"><\/i>\n\n        \n        <p><strong>COO<\/strong>R<strong>DINACI\u00d3N DE COMIT\u00c9 DE GESTI\u00d3N DE BIENESTAR<\/strong><\/p><p>Fomentar Promover y contribuir al aprendizaje y la pr\u00e1ctica de valores, a trav\u00e9s de tareas sencillas; favoreciendo la sana convivencia y la construcci\u00f3n de la paz en los estudiantes y familias de la\u00a0\u00a0\u00a0\u00a0\u00a0 I. E. Pq. Nuestra Se\u00f1ora de las Mercedes<\/p>\n    <\/div>\n\n    <div class=\"lae-testimonial-user\">\n\n        <div class=\"lae-image-wrapper\">\n\n            \n            \n                \n            \n        <\/div><!-- .lae-image-wrapper -->\n\n        <div class=\"lae-user-text\">\n\n            <h4 class=\"lae-author-name\">Hellen Aponte Cotaquispe<\/h4>\n\n            <div class=\"lae-author-credentials\">Docente<\/div>\n\n        <\/div>\n\n    <\/div><!-- .lae-testimonial-user -->\n\n<\/div><!-- .lae-testimonial -->\n        \n            \n            \n<div class=\"lae-testimonial lae-rating-none\">\n\n    <div class=\"lae-testimonial-text\">\n\n        <i class=\"lae-icon-quote\"><\/i>\n\n        \n        <p><strong>COO<\/strong>R<strong>DINACI\u00d3N DE COMIT\u00c9 DE GESTI\u00d3N DE BIENESTAR<\/strong><\/p><p>Fomentar Promover y contribuir al aprendizaje y la pr\u00e1ctica de valores, a trav\u00e9s de tareas sencillas; favoreciendo la sana convivencia y la construcci\u00f3n de la paz en los estudiantes y familias de la\u00a0\u00a0\u00a0\u00a0\u00a0 I. E. Pq. Nuestra Se\u00f1ora de las Mercedes<\/p>\n    <\/div>\n\n    <div class=\"lae-testimonial-user\">\n\n        <div class=\"lae-image-wrapper\">\n\n            \n            \n                \n            \n        <\/div><!-- .lae-image-wrapper -->\n\n        <div class=\"lae-user-text\">\n\n            <h4 class=\"lae-author-name\">Jenny Alata Jim\u00e9nez<\/h4>\n\n            <div class=\"lae-author-credentials\">Docente<\/div>\n\n        <\/div>\n\n    <\/div><!-- .lae-testimonial-user -->\n\n<\/div><!-- .lae-testimonial -->\n        \n            \n            \n<div class=\"lae-testimonial lae-rating-none\">\n\n    <div class=\"lae-testimonial-text\">\n\n        <i class=\"lae-icon-quote\"><\/i>\n\n        \n        <p><strong>COO<\/strong>R<strong>DINACI\u00d3N DE COMIT\u00c9 DE GESTI\u00d3N DE BIENESTAR<\/strong><\/p><p>Fomentar Promover y contribuir al aprendizaje y la pr\u00e1ctica de valores, a trav\u00e9s de tareas sencillas; favoreciendo la sana convivencia y la construcci\u00f3n de la paz en los estudiantes y familias de la\u00a0\u00a0\u00a0\u00a0\u00a0 I. E. Pq. Nuestra Se\u00f1ora de las Mercedes<\/p>\n    <\/div>\n\n    <div class=\"lae-testimonial-user\">\n\n        <div class=\"lae-image-wrapper\">\n\n            \n            \n                \n            \n        <\/div><!-- .lae-image-wrapper -->\n\n        <div class=\"lae-user-text\">\n\n            <h4 class=\"lae-author-name\">Mar\u00eda Cecilia Lazarte Olaya<\/h4>\n\n            <div class=\"lae-author-credentials\">Docente<\/div>\n\n        <\/div>\n\n    <\/div><!-- .lae-testimonial-user -->\n\n<\/div><!-- .lae-testimonial -->\n        \n            \n            \n<div class=\"lae-testimonial lae-rating-none\">\n\n    <div class=\"lae-testimonial-text\">\n\n        <i class=\"lae-icon-quote\"><\/i>\n\n        \n        <p><strong>COO<\/strong>R<strong>DINACI\u00d3N DE COMIT\u00c9 DE GESTI\u00d3N DE BIENESTAR<\/strong><\/p><p>Fomentar Promover y contribuir al aprendizaje y la pr\u00e1ctica de valores, a trav\u00e9s de tareas sencillas; favoreciendo la sana convivencia y la construcci\u00f3n de la paz en los estudiantes y familias de la\u00a0\u00a0\u00a0\u00a0\u00a0 I. E. Pq. Nuestra Se\u00f1ora de las Mercedes<\/p>\n    <\/div>\n\n    <div class=\"lae-testimonial-user\">\n\n        <div class=\"lae-image-wrapper\">\n\n            \n            \n                \n            \n        <\/div><!-- .lae-image-wrapper -->\n\n        <div class=\"lae-user-text\">\n\n            <h4 class=\"lae-author-name\">Rosa Eugenia Oberto Besso Otero<\/h4>\n\n            <div class=\"lae-author-credentials\">Docente<\/div>\n\n        <\/div>\n\n    <\/div><!-- .lae-testimonial-user -->\n\n<\/div><!-- .lae-testimonial -->\n        \n            \n            \n<div class=\"lae-testimonial lae-rating-none\">\n\n    <div class=\"lae-testimonial-text\">\n\n        <i class=\"lae-icon-quote\"><\/i>\n\n        \n        <p><strong>COORDINACI\u00d3N DE PASTORAL<\/strong><\/p><p>La pastoral educativa mercedaria busca formar y acompa\u00f1ar estudiantes sensibles y abiertos a la experiencia de Dios. J\u00f3venes libres, abiertos a la diversidad y comprometidos con la justicia en la Iglesia y la sociedad, preferentemente con los m\u00e1s pobres y excluidos.<\/p>\n    <\/div>\n\n    <div class=\"lae-testimonial-user\">\n\n        <div class=\"lae-image-wrapper\">\n\n            \n            \n                \n            \n        <\/div><!-- .lae-image-wrapper -->\n\n        <div class=\"lae-user-text\">\n\n            <h4 class=\"lae-author-name\">Kelly Vega L\u00f3pez <\/h4>\n\n            <div class=\"lae-author-credentials\">Docente<\/div>\n\n        <\/div>\n\n    <\/div><!-- .lae-testimonial-user -->\n\n<\/div><!-- .lae-testimonial -->\n        \n            \n            \n<div class=\"lae-testimonial lae-rating-none\">\n\n    <div class=\"lae-testimonial-text\">\n\n        <i class=\"lae-icon-quote\"><\/i>\n\n        \n        <p><strong>COORDINACI\u00d3N DE PASTORAL<\/strong><\/p><p>La pastoral educativa mercedaria busca formar y acompa\u00f1ar estudiantes sensibles y abiertos a la experiencia de Dios. J\u00f3venes libres, abiertos a la diversidad y comprometidos con la justicia en la Iglesia y la sociedad, preferentemente con los m\u00e1s pobres y excluidos.<\/p>\n    <\/div>\n\n    <div class=\"lae-testimonial-user\">\n\n        <div class=\"lae-image-wrapper\">\n\n            \n            \n                \n            \n        <\/div><!-- .lae-image-wrapper -->\n\n        <div class=\"lae-user-text\">\n\n            <h4 class=\"lae-author-name\">Hugo Mej\u00eda<\/h4>\n\n            <div class=\"lae-author-credentials\">Docente<\/div>\n\n        <\/div>\n\n    <\/div><!-- .lae-testimonial-user -->\n\n<\/div><!-- .lae-testimonial -->\n        \n            \n            \n<div class=\"lae-testimonial lae-rating-none\">\n\n    <div class=\"lae-testimonial-text\">\n\n        <i class=\"lae-icon-quote\"><\/i>\n\n        \n        <p><strong>COORDINACI\u00d3N DE PASTORAL<\/strong><\/p><p>La pastoral educativa mercedaria busca formar y acompa\u00f1ar estudiantes sensibles y abiertos a la experiencia de Dios. J\u00f3venes libres, abiertos a la diversidad y comprometidos con la justicia en la Iglesia y la sociedad, preferentemente con los m\u00e1s pobres y excluidos.<\/p>\n    <\/div>\n\n    <div class=\"lae-testimonial-user\">\n\n        <div class=\"lae-image-wrapper\">\n\n            \n            \n                \n            \n        <\/div><!-- .lae-image-wrapper -->\n\n        <div class=\"lae-user-text\">\n\n            <h4 class=\"lae-author-name\">Elizabeth Cerda<\/h4>\n\n            <div class=\"lae-author-credentials\">Docente<\/div>\n\n        <\/div>\n\n    <\/div><!-- .lae-testimonial-user -->\n\n<\/div><!-- .lae-testimonial -->\n        \n            \n            \n<div class=\"lae-testimonial lae-rating-none\">\n\n    <div class=\"lae-testimonial-text\">\n\n        <i class=\"lae-icon-quote\"><\/i>\n\n        \n        <p><strong>COORDINACI\u00d3N DE PASTORAL<\/strong><\/p><p>La pastoral educativa mercedaria busca formar y acompa\u00f1ar estudiantes sensibles y abiertos a la experiencia de Dios. J\u00f3venes libres, abiertos a la diversidad y comprometidos con la justicia en la Iglesia y la sociedad, preferentemente con los m\u00e1s pobres y excluidos.<\/p>\n    <\/div>\n\n    <div class=\"lae-testimonial-user\">\n\n        <div class=\"lae-image-wrapper\">\n\n            \n            \n                \n            \n        <\/div><!-- .lae-image-wrapper -->\n\n        <div class=\"lae-user-text\">\n\n            <h4 class=\"lae-author-name\">Fiorella Puchoc<\/h4>\n\n            <div class=\"lae-author-credentials\">Docente<\/div>\n\n        <\/div>\n\n    <\/div><!-- .lae-testimonial-user -->\n\n<\/div><!-- .lae-testimonial -->\n        \n            \n            \n<div class=\"lae-testimonial lae-rating-none\">\n\n    <div class=\"lae-testimonial-text\">\n\n        <i class=\"lae-icon-quote\"><\/i>\n\n        \n        <p><strong>COORDINACI\u00d3N DE PASTORAL<\/strong><\/p><p>La pastoral educativa mercedaria busca formar y acompa\u00f1ar estudiantes sensibles y abiertos a la experiencia de Dios. J\u00f3venes libres, abiertos a la diversidad y comprometidos con la justicia en la Iglesia y la sociedad, preferentemente con los m\u00e1s pobres y excluidos.<\/p>\n    <\/div>\n\n    <div class=\"lae-testimonial-user\">\n\n        <div class=\"lae-image-wrapper\">\n\n            \n            \n                \n            \n        <\/div><!-- .lae-image-wrapper -->\n\n        <div class=\"lae-user-text\">\n\n            <h4 class=\"lae-author-name\">Arceni Saucedo<\/h4>\n\n            <div class=\"lae-author-credentials\">Docente<\/div>\n\n        <\/div>\n\n    <\/div><!-- .lae-testimonial-user -->\n\n<\/div><!-- .lae-testimonial -->\n        \n            \n            \n<div class=\"lae-testimonial lae-rating-none\">\n\n    <div class=\"lae-testimonial-text\">\n\n        <i class=\"lae-icon-quote\"><\/i>\n\n        \n        <p><strong>COORDINACI\u00d3N DE PASTORAL<\/strong><\/p><p>La pastoral educativa mercedaria busca formar y acompa\u00f1ar estudiantes sensibles y abiertos a la experiencia de Dios. J\u00f3venes libres, abiertos a la diversidad y comprometidos con la justicia en la Iglesia y la sociedad, preferentemente con los m\u00e1s pobres y excluidos.<\/p>\n    <\/div>\n\n    <div class=\"lae-testimonial-user\">\n\n        <div class=\"lae-image-wrapper\">\n\n            \n            \n                \n            \n        <\/div><!-- .lae-image-wrapper -->\n\n        <div class=\"lae-user-text\">\n\n            <h4 class=\"lae-author-name\">Jackeline Cerda<\/h4>\n\n            <div class=\"lae-author-credentials\">Docente<\/div>\n\n        <\/div>\n\n    <\/div><!-- .lae-testimonial-user -->\n\n<\/div><!-- .lae-testimonial -->\n        \n            \n            \n<div class=\"lae-testimonial lae-rating-none\">\n\n    <div class=\"lae-testimonial-text\">\n\n        <i class=\"lae-icon-quote\"><\/i>\n\n        \n        <p><strong>COORDINACI\u00d3N DE PASTORAL<\/strong><\/p><p>La pastoral educativa mercedaria busca formar y acompa\u00f1ar estudiantes sensibles y abiertos a la experiencia de Dios. J\u00f3venes libres, abiertos a la diversidad y comprometidos con la justicia en la Iglesia y la sociedad, preferentemente con los m\u00e1s pobres y excluidos.<\/p>\n    <\/div>\n\n    <div class=\"lae-testimonial-user\">\n\n        <div class=\"lae-image-wrapper\">\n\n            \n            \n                \n            \n        <\/div><!-- .lae-image-wrapper -->\n\n        <div class=\"lae-user-text\">\n\n            <h4 class=\"lae-author-name\">Andrea Celeste Gestro<\/h4>\n\n            <div class=\"lae-author-credentials\">Docente<\/div>\n\n        <\/div>\n\n    <\/div><!-- .lae-testimonial-user -->\n\n<\/div><!-- .lae-testimonial -->\n        \n            \n            \n<div class=\"lae-testimonial lae-rating-none\">\n\n    <div class=\"lae-testimonial-text\">\n\n        <i class=\"lae-icon-quote\"><\/i>\n\n        \n        <p><strong>COORDINACI\u00d3N DE PASTORAL<\/strong><\/p><p>La pastoral educativa mercedaria busca formar y acompa\u00f1ar estudiantes sensibles y abiertos a la experiencia de Dios. J\u00f3venes libres, abiertos a la diversidad y comprometidos con la justicia en la Iglesia y la sociedad, preferentemente con los m\u00e1s pobres y excluidos.<\/p>\n    <\/div>\n\n    <div class=\"lae-testimonial-user\">\n\n        <div class=\"lae-image-wrapper\">\n\n            \n            \n                \n            \n        <\/div><!-- .lae-image-wrapper -->\n\n        <div class=\"lae-user-text\">\n\n            <h4 class=\"lae-author-name\">Mar\u00eda Elena Saavedra <\/h4>\n\n            <div class=\"lae-author-credentials\">Docente<\/div>\n\n        <\/div>\n\n    <\/div><!-- .lae-testimonial-user -->\n\n<\/div><!-- .lae-testimonial -->\n        \n            \n            \n<div class=\"lae-testimonial lae-rating-none\">\n\n    <div class=\"lae-testimonial-text\">\n\n        <i class=\"lae-icon-quote\"><\/i>\n\n        \n        <p><strong>COORNINACI\u00d3N DE GRPI<\/strong><\/p>\n    <\/div>\n\n    <div class=\"lae-testimonial-user\">\n\n        <div class=\"lae-image-wrapper\">\n\n            \n            \n                \n            \n        <\/div><!-- .lae-image-wrapper -->\n\n        <div class=\"lae-user-text\">\n\n            <h4 class=\"lae-author-name\">Jaime S\u00e1nchez Glorio<\/h4>\n\n            <div class=\"lae-author-credentials\">Docente<\/div>\n\n        <\/div>\n\n    <\/div><!-- .lae-testimonial-user -->\n\n<\/div><!-- .lae-testimonial -->\n        \n            \n            \n<div class=\"lae-testimonial lae-rating-none\">\n\n    <div class=\"lae-testimonial-text\">\n\n        <i class=\"lae-icon-quote\"><\/i>\n\n        \n        <p><strong>COORNINACI\u00d3N DE GRPI<\/strong><\/p>\n    <\/div>\n\n    <div class=\"lae-testimonial-user\">\n\n        <div class=\"lae-image-wrapper\">\n\n            \n            \n                \n            \n        <\/div><!-- .lae-image-wrapper -->\n\n        <div class=\"lae-user-text\">\n\n            <h4 class=\"lae-author-name\">Ver\u00f3nica Zambrano Gabald\u00f3<\/h4>\n\n            <div class=\"lae-author-credentials\">Docente<\/div>\n\n        <\/div>\n\n    <\/div><!-- .lae-testimonial-user -->\n\n<\/div><!-- .lae-testimonial -->\n        \n            \n            \n<div class=\"lae-testimonial lae-rating-none\">\n\n    <div class=\"lae-testimonial-text\">\n\n        <i class=\"lae-icon-quote\"><\/i>\n\n        \n        <p><strong>COORNINACI\u00d3N DE GRPI<\/strong><\/p>\n    <\/div>\n\n    <div class=\"lae-testimonial-user\">\n\n        <div class=\"lae-image-wrapper\">\n\n            \n            \n                \n            \n        <\/div><!-- .lae-image-wrapper -->\n\n        <div class=\"lae-user-text\">\n\n            <h4 class=\"lae-author-name\">Franco Buelot Rengifo<\/h4>\n\n            <div class=\"lae-author-credentials\">Docente<\/div>\n\n        <\/div>\n\n    <\/div><!-- .lae-testimonial-user -->\n\n<\/div><!-- .lae-testimonial -->\n        \n<\/div><!-- .lae-testimonials-slider -->\t\t\t\t<\/div>\n\t\t\t\t<\/div>\n\t\t\t\t\t<\/div>\n\t\t<\/div>\n\t\t\t\t\t<\/div>\n\t\t<\/section>\n\t\t\t\t<section class=\"elementor-section elementor-top-section elementor-element elementor-element-f939745 elementor-section-content-middle elementor-reverse-mobile elementor-section-full_width elementor-section-height-default elementor-section-height-default elementor-invisible\" data-id=\"f939745\" data-element_type=\"section\" data-e-type=\"section\" id=\"historia\" data-settings=\"{&quot;animation&quot;:&quot;fadeInUp&quot;}\">\n\t\t\t\t\t\t<div class=\"elementor-container elementor-column-gap-no\">\n\t\t\t\t\t<div class=\"elementor-column elementor-col-50 elementor-top-column elementor-element elementor-element-ff9c384\" data-id=\"ff9c384\" data-element_type=\"column\" data-e-type=\"column\">\n\t\t\t<div class=\"elementor-widget-wrap elementor-element-populated\">\n\t\t\t\t\t\t<div class=\"elementor-element elementor-element-528b307 ha-css-transform-yes elementor-widget elementor-widget-image\" data-id=\"528b307\" data-element_type=\"widget\" data-e-type=\"widget\" data-widget_type=\"image.default\">\n\t\t\t\t<div class=\"elementor-widget-container\">\n\t\t\t\t\t\t\t\t\t\t\t\t\t\t\t<img loading=\"lazy\" decoding=\"async\" width=\"1280\" height=\"720\" src=\"https:\/\/mercedariasbarriosaltos.edu.pe\/wp-content\/uploads\/2021\/05\/historia1c.jpg\" class=\"attachment-full size-full wp-image-367\" alt=\"\" srcset=\"https:\/\/mercedariasbarriosaltos.edu.pe\/wp-content\/uploads\/2021\/05\/historia1c.jpg 1280w, https:\/\/mercedariasbarriosaltos.edu.pe\/wp-content\/uploads\/2021\/05\/historia1c-300x169.jpg 300w, https:\/\/mercedariasbarriosaltos.edu.pe\/wp-content\/uploads\/2021\/05\/historia1c-1024x576.jpg 1024w, https:\/\/mercedariasbarriosaltos.edu.pe\/wp-content\/uploads\/2021\/05\/historia1c-768x432.jpg 768w\" sizes=\"(max-width: 1280px) 100vw, 1280px\" \/>\t\t\t\t\t\t\t\t\t\t\t\t\t\t\t<\/div>\n\t\t\t\t<\/div>\n\t\t\t\t\t<\/div>\n\t\t<\/div>\n\t\t\t\t<div class=\"elementor-column elementor-col-50 elementor-top-column elementor-element elementor-element-2b82b1d\" data-id=\"2b82b1d\" data-element_type=\"column\" data-e-type=\"column\">\n\t\t\t<div class=\"elementor-widget-wrap elementor-element-populated\">\n\t\t\t\t\t\t<div class=\"elementor-element elementor-element-4915065 elementor-widget elementor-widget-text-editor\" data-id=\"4915065\" data-element_type=\"widget\" data-e-type=\"widget\" data-widget_type=\"text-editor.default\">\n\t\t\t\t<div class=\"elementor-widget-container\">\n\t\t\t\t\t\t\t\t\t<p>Se inicia como JARDIN DE LA\u00a0 INFANCIA N\u00ba 07, atendiendo a casi 250 ni\u00f1os con la Pastoral Educativa en el barrio al contemplar\u00a0 la necesidad de educaci\u00f3n de muchos ni\u00f1os con bajos recursos econ\u00f3micos, por ello en su inicio funciona como escuela gratuita, en el \u00e1rea educativa, alimentar\u00eda y m\u00e9dica\u00a0 como un servicio a los ni\u00f1os de Barrios Altos y en su mayor\u00eda las aulas llevadas por\u00a0 las hermanas Religiosas.<\/p>\t\t\t\t\t\t\t\t<\/div>\n\t\t\t\t<\/div>\n\t\t\t\t\t<\/div>\n\t\t<\/div>\n\t\t\t\t\t<\/div>\n\t\t<\/section>\n\t\t\t\t<section class=\"elementor-section elementor-top-section elementor-element elementor-element-54c34dc elementor-section-content-middle elementor-reverse-mobile elementor-section-full_width elementor-section-height-default elementor-section-height-default elementor-invisible\" data-id=\"54c34dc\" data-element_type=\"section\" data-e-type=\"section\" data-settings=\"{&quot;animation&quot;:&quot;fadeInUp&quot;,&quot;_ha_eqh_enable&quot;:false}\">\n\t\t\t\t\t\t<div class=\"elementor-container elementor-column-gap-no\">\n\t\t\t\t\t<div class=\"elementor-column elementor-col-50 elementor-top-column elementor-element elementor-element-2f36e10\" data-id=\"2f36e10\" data-element_type=\"column\" data-e-type=\"column\">\n\t\t\t<div class=\"elementor-widget-wrap elementor-element-populated\">\n\t\t\t\t\t\t<div class=\"elementor-element elementor-element-7f183ad elementor-widget elementor-widget-text-editor\" data-id=\"7f183ad\" data-element_type=\"widget\" data-e-type=\"widget\" data-widget_type=\"text-editor.default\">\n\t\t\t\t<div class=\"elementor-widget-container\">\n\t\t\t\t\t\t\t\t\t<p>Las Primeras religiosas que fueron maestras en el Jard\u00edn de la\u00a0 infancia fueron<\/p><p>Secci\u00f3n\u00a0 \u201cNi\u00f1o Jes\u00fas\u201d\u00a0 Madre Mar\u00eda Isabel Valer<br \/>Secci\u00f3n\u00a0 \u201cVirgen Ni\u00f1a \u201c Madre Asunci\u00f3n Aguirre<br \/>Secci\u00f3n\u00a0 \u201cSta. Teresita\u201d\u00a0 Madre Sagrado Coraz\u00f3n Salas<\/p>\t\t\t\t\t\t\t\t<\/div>\n\t\t\t\t<\/div>\n\t\t\t\t\t<\/div>\n\t\t<\/div>\n\t\t\t\t<div class=\"elementor-column elementor-col-50 elementor-top-column elementor-element elementor-element-9708c4d\" data-id=\"9708c4d\" data-element_type=\"column\" data-e-type=\"column\">\n\t\t\t<div class=\"elementor-widget-wrap elementor-element-populated\">\n\t\t\t\t\t\t<div class=\"elementor-element elementor-element-386603f ha-css-transform-yes elementor-widget elementor-widget-image\" data-id=\"386603f\" data-element_type=\"widget\" data-e-type=\"widget\" data-widget_type=\"image.default\">\n\t\t\t\t<div class=\"elementor-widget-container\">\n\t\t\t\t\t\t\t\t\t\t\t\t\t\t\t<img loading=\"lazy\" decoding=\"async\" width=\"1280\" height=\"720\" src=\"https:\/\/mercedariasbarriosaltos.edu.pe\/wp-content\/uploads\/2021\/05\/historia2c.jpg\" class=\"attachment-2048x2048 size-2048x2048 wp-image-368\" alt=\"\" srcset=\"https:\/\/mercedariasbarriosaltos.edu.pe\/wp-content\/uploads\/2021\/05\/historia2c.jpg 1280w, https:\/\/mercedariasbarriosaltos.edu.pe\/wp-content\/uploads\/2021\/05\/historia2c-300x169.jpg 300w, https:\/\/mercedariasbarriosaltos.edu.pe\/wp-content\/uploads\/2021\/05\/historia2c-1024x576.jpg 1024w, https:\/\/mercedariasbarriosaltos.edu.pe\/wp-content\/uploads\/2021\/05\/historia2c-768x432.jpg 768w\" sizes=\"(max-width: 1280px) 100vw, 1280px\" \/>\t\t\t\t\t\t\t\t\t\t\t\t\t\t\t<\/div>\n\t\t\t\t<\/div>\n\t\t\t\t\t<\/div>\n\t\t<\/div>\n\t\t\t\t\t<\/div>\n\t\t<\/section>\n\t\t\t\t<section class=\"elementor-section elementor-top-section elementor-element elementor-element-48afdb5 elementor-section-content-middle elementor-reverse-mobile elementor-section-full_width elementor-section-height-default elementor-section-height-default elementor-invisible\" data-id=\"48afdb5\" data-element_type=\"section\" data-e-type=\"section\" data-settings=\"{&quot;animation&quot;:&quot;fadeInUp&quot;,&quot;_ha_eqh_enable&quot;:false}\">\n\t\t\t\t\t\t<div class=\"elementor-container elementor-column-gap-no\">\n\t\t\t\t\t<div class=\"elementor-column elementor-col-50 elementor-top-column elementor-element elementor-element-b530baf\" data-id=\"b530baf\" data-element_type=\"column\" data-e-type=\"column\">\n\t\t\t<div class=\"elementor-widget-wrap elementor-element-populated\">\n\t\t\t\t\t\t<div class=\"elementor-element elementor-element-387b1d6 ha-css-transform-yes elementor-widget elementor-widget-image\" data-id=\"387b1d6\" data-element_type=\"widget\" data-e-type=\"widget\" data-widget_type=\"image.default\">\n\t\t\t\t<div class=\"elementor-widget-container\">\n\t\t\t\t\t\t\t\t\t\t\t\t\t\t\t<img loading=\"lazy\" decoding=\"async\" width=\"1280\" height=\"720\" src=\"https:\/\/mercedariasbarriosaltos.edu.pe\/wp-content\/uploads\/2021\/05\/historia3c.jpg\" class=\"attachment-full size-full wp-image-369\" alt=\"\" srcset=\"https:\/\/mercedariasbarriosaltos.edu.pe\/wp-content\/uploads\/2021\/05\/historia3c.jpg 1280w, https:\/\/mercedariasbarriosaltos.edu.pe\/wp-content\/uploads\/2021\/05\/historia3c-300x169.jpg 300w, https:\/\/mercedariasbarriosaltos.edu.pe\/wp-content\/uploads\/2021\/05\/historia3c-1024x576.jpg 1024w, https:\/\/mercedariasbarriosaltos.edu.pe\/wp-content\/uploads\/2021\/05\/historia3c-768x432.jpg 768w\" sizes=\"(max-width: 1280px) 100vw, 1280px\" \/>\t\t\t\t\t\t\t\t\t\t\t\t\t\t\t<\/div>\n\t\t\t\t<\/div>\n\t\t\t\t\t<\/div>\n\t\t<\/div>\n\t\t\t\t<div class=\"elementor-column elementor-col-50 elementor-top-column elementor-element elementor-element-f13b938\" data-id=\"f13b938\" data-element_type=\"column\" data-e-type=\"column\">\n\t\t\t<div class=\"elementor-widget-wrap elementor-element-populated\">\n\t\t\t\t\t\t<div class=\"elementor-element elementor-element-3f898d0 elementor-widget elementor-widget-text-editor\" data-id=\"3f898d0\" data-element_type=\"widget\" data-e-type=\"widget\" data-widget_type=\"text-editor.default\">\n\t\t\t\t<div class=\"elementor-widget-container\">\n\t\t\t\t\t\t\t\t\t<p>La Madre Visitadora de las Casas del Per\u00fa,\u00a0 Rosa de Jes\u00fas Quer vi\u00f3 la necesidad de fundar un colegio primario,\u00a0 pues al terminar Educaci\u00f3n Inicial, los ni\u00f1os asist\u00edan a otras Instituciones Educativas, perdi\u00e9ndose\u00a0 el nexo con nosotras mercedarias y quedando truncada las vivencias de los primeros a\u00f1os.<br \/>As\u00ed pues, se gestion\u00f3\u00a0 ante el Ministerio de Educaci\u00f3n el funcionamiento de dicho plantel, <span style=\"text-decoration: underline;\"><strong>siendo autorizado con la Resoluci\u00f3n N\u00ba 639 del 24 de Marzo de 1943.<\/strong><\/span><\/p>\t\t\t\t\t\t\t\t<\/div>\n\t\t\t\t<\/div>\n\t\t\t\t\t<\/div>\n\t\t<\/div>\n\t\t\t\t\t<\/div>\n\t\t<\/section>\n\t\t\t\t<section class=\"elementor-section elementor-top-section elementor-element elementor-element-739c02e elementor-section-content-middle elementor-reverse-mobile elementor-section-full_width elementor-section-height-default elementor-section-height-default elementor-invisible\" data-id=\"739c02e\" data-element_type=\"section\" data-e-type=\"section\" data-settings=\"{&quot;animation&quot;:&quot;fadeInUp&quot;,&quot;_ha_eqh_enable&quot;:false}\">\n\t\t\t\t\t\t<div class=\"elementor-container elementor-column-gap-no\">\n\t\t\t\t\t<div class=\"elementor-column elementor-col-50 elementor-top-column elementor-element elementor-element-6d370b8\" data-id=\"6d370b8\" data-element_type=\"column\" data-e-type=\"column\">\n\t\t\t<div class=\"elementor-widget-wrap elementor-element-populated\">\n\t\t\t\t\t\t<div class=\"elementor-element elementor-element-a4356aa elementor-widget elementor-widget-text-editor\" data-id=\"a4356aa\" data-element_type=\"widget\" data-e-type=\"widget\" data-widget_type=\"text-editor.default\">\n\t\t\t\t<div class=\"elementor-widget-container\">\n\t\t\t\t\t\t\t\t\t<p>Fue nombrada Directora la Madre Ma. Isabel Valer Garc\u00eda, cargo que desempe\u00f1o hasta 1957. Fue reemplazada por la Madre Elena de la Cruz de Vicente Alonso hasta 1960; asume entonces el cargo Ma. Araceli Catl\u00e1n Librada hasta 1963.<\/p><p>Se trabaja 31 a\u00f1os con los niveles de Inicial y Primaria. En 1975 se da apertura al Nivel Secundario. Este a\u00f1o 2023 estamos celebrando 80 a\u00f1os al\u00a0 servicio Educativo.<\/p><p><em><strong>Siguieron ocupando la Direcci\u00f3n las Hermanas:<\/strong><\/em><\/p><p>Hna. M.A: Bel\u00e9n Murillo\u00a0 (1964 &#8211; 1972)<br \/>Hna.Eddy E. Gamarra Cano (1973 &#8211; 1975)<br \/>Hna. Ma. Del Sagrado Coraz\u00f3n G\u00f3mez (1976 &#8211; 1978)<br \/>Hna. Mercedes Salinas (1979\u00a0 &#8211; 1980)<\/p>\t\t\t\t\t\t\t\t<\/div>\n\t\t\t\t<\/div>\n\t\t\t\t\t<\/div>\n\t\t<\/div>\n\t\t\t\t<div class=\"elementor-column elementor-col-50 elementor-top-column elementor-element elementor-element-37aa58f\" data-id=\"37aa58f\" data-element_type=\"column\" data-e-type=\"column\">\n\t\t\t<div class=\"elementor-widget-wrap elementor-element-populated\">\n\t\t\t\t\t\t<div class=\"elementor-element elementor-element-9ca43db ha-css-transform-yes elementor-widget elementor-widget-image\" data-id=\"9ca43db\" data-element_type=\"widget\" data-e-type=\"widget\" data-widget_type=\"image.default\">\n\t\t\t\t<div class=\"elementor-widget-container\">\n\t\t\t\t\t\t\t\t\t\t\t\t\t\t\t<img loading=\"lazy\" decoding=\"async\" width=\"1280\" height=\"720\" src=\"https:\/\/mercedariasbarriosaltos.edu.pe\/wp-content\/uploads\/2021\/05\/historia4c.jpg\" class=\"attachment-full size-full wp-image-370\" alt=\"\" srcset=\"https:\/\/mercedariasbarriosaltos.edu.pe\/wp-content\/uploads\/2021\/05\/historia4c.jpg 1280w, https:\/\/mercedariasbarriosaltos.edu.pe\/wp-content\/uploads\/2021\/05\/historia4c-300x169.jpg 300w, https:\/\/mercedariasbarriosaltos.edu.pe\/wp-content\/uploads\/2021\/05\/historia4c-1024x576.jpg 1024w, https:\/\/mercedariasbarriosaltos.edu.pe\/wp-content\/uploads\/2021\/05\/historia4c-768x432.jpg 768w\" sizes=\"(max-width: 1280px) 100vw, 1280px\" \/>\t\t\t\t\t\t\t\t\t\t\t\t\t\t\t<\/div>\n\t\t\t\t<\/div>\n\t\t\t\t\t<\/div>\n\t\t<\/div>\n\t\t\t\t\t<\/div>\n\t\t<\/section>\n\t\t\t\t<section class=\"elementor-section elementor-top-section elementor-element elementor-element-0dcc55e elementor-section-content-middle elementor-reverse-mobile elementor-section-full_width elementor-section-height-default elementor-section-height-default elementor-invisible\" data-id=\"0dcc55e\" data-element_type=\"section\" data-e-type=\"section\" id=\"CYEM\" data-settings=\"{&quot;animation&quot;:&quot;fadeInUp&quot;,&quot;_ha_eqh_enable&quot;:false}\">\n\t\t\t\t\t\t<div class=\"elementor-container elementor-column-gap-no\">\n\t\t\t\t\t<div class=\"elementor-column elementor-col-50 elementor-top-column elementor-element elementor-element-c339689\" data-id=\"c339689\" data-element_type=\"column\" data-e-type=\"column\">\n\t\t\t<div class=\"elementor-widget-wrap elementor-element-populated\">\n\t\t\t\t\t\t<div class=\"elementor-element elementor-element-f009dda ha-css-transform-yes elementor-widget elementor-widget-image\" data-id=\"f009dda\" data-element_type=\"widget\" data-e-type=\"widget\" data-widget_type=\"image.default\">\n\t\t\t\t<div class=\"elementor-widget-container\">\n\t\t\t\t\t\t\t\t\t\t\t\t\t\t\t<img loading=\"lazy\" decoding=\"async\" width=\"1920\" height=\"1080\" src=\"https:\/\/mercedariasbarriosaltos.edu.pe\/wp-content\/uploads\/2025\/05\/SEMANA-DE-GESTION-2025-1.jpg\" class=\"attachment-full size-full wp-image-9931\" alt=\"\" srcset=\"https:\/\/mercedariasbarriosaltos.edu.pe\/wp-content\/uploads\/2025\/05\/SEMANA-DE-GESTION-2025-1.jpg 1920w, https:\/\/mercedariasbarriosaltos.edu.pe\/wp-content\/uploads\/2025\/05\/SEMANA-DE-GESTION-2025-1-300x169.jpg 300w, https:\/\/mercedariasbarriosaltos.edu.pe\/wp-content\/uploads\/2025\/05\/SEMANA-DE-GESTION-2025-1-1024x576.jpg 1024w, https:\/\/mercedariasbarriosaltos.edu.pe\/wp-content\/uploads\/2025\/05\/SEMANA-DE-GESTION-2025-1-768x432.jpg 768w, https:\/\/mercedariasbarriosaltos.edu.pe\/wp-content\/uploads\/2025\/05\/SEMANA-DE-GESTION-2025-1-1536x864.jpg 1536w\" sizes=\"(max-width: 1920px) 100vw, 1920px\" \/>\t\t\t\t\t\t\t\t\t\t\t\t\t\t\t<\/div>\n\t\t\t\t<\/div>\n\t\t\t\t\t<\/div>\n\t\t<\/div>\n\t\t\t\t<div class=\"elementor-column elementor-col-50 elementor-top-column elementor-element elementor-element-6a7a569\" data-id=\"6a7a569\" data-element_type=\"column\" data-e-type=\"column\">\n\t\t\t<div class=\"elementor-widget-wrap elementor-element-populated\">\n\t\t\t\t\t\t<div class=\"elementor-element elementor-element-e16ae30 elementor-widget elementor-widget-text-editor\" data-id=\"e16ae30\" data-element_type=\"widget\" data-e-type=\"widget\" data-widget_type=\"text-editor.default\">\n\t\t\t\t<div class=\"elementor-widget-container\">\n\t\t\t\t\t\t\t\t\t<p>Hna. Amada Poveda Carranza\u00a0 (1981 &#8211; 1982 (agosto))<br \/>Hna.Consolaci\u00f3n Bernal y Peralta\u00a0 (1983 &#8211; 1986)<br \/>Hna.Elena Zegarra Postigo\u00a0 (1987 &#8211; 1988)<br \/>Hna.Consolaci\u00f3n Bernal y Peralta (1989 &#8211; 1991)<br \/>Hna. Teresa Silva Alvarez\u00a0 (1992 &#8211; 1995)<br \/>Hna.\u00a0 Eloisa La Torre Rebaza (1996 &#8211; 1998 (Marzo))<br \/>Hna. Rosalbina Fonseca Gutti (1998 &#8211; 2000)<br \/>Hna. Amparo Calle Gutierrez (2001 &#8211;\u00a0 2006)<br \/>Sra. Ana Mar\u00eda Trujillo\u00a0\u00a0 \u00a02007<br \/>Hna. Matilde Lloclla Sullca\u00a0 (2008 &#8211; 2013)<br \/>Sra.Lourdes Echavigorin Vargas\u00a0 \u00a0 (2013-2017)<\/p><p>Hna. Lizbedh Solier Quichca\u00a0 (Promotora)\u00a0 \u00a0 Doris Gloria Arteaga\u00a0 (Directora) (2017-2018)<\/p><p>Hna. Lizbedh Solier Quichca\u00a0 (Promotora)\u00a0 \u00a0 \u00a0Mg. S\u00e1nchez Glorio , Jaime (Director)\u00a0 (2024 a la fecha)<\/p><p>Hna. Hilda Ochoa Florencio &#8211; Promotora &#8211; 2025<\/p>\t\t\t\t\t\t\t\t<\/div>\n\t\t\t\t<\/div>\n\t\t\t\t\t<\/div>\n\t\t<\/div>\n\t\t\t\t\t<\/div>\n\t\t<\/section>\n\t\t\t\t<section class=\"elementor-section elementor-top-section elementor-element elementor-element-eed653e elementor-section-content-middle elementor-reverse-mobile elementor-section-full_width elementor-section-height-default elementor-section-height-default elementor-invisible\" data-id=\"eed653e\" data-element_type=\"section\" data-e-type=\"section\" data-settings=\"{&quot;animation&quot;:&quot;fadeInUp&quot;,&quot;_ha_eqh_enable&quot;:false}\">\n\t\t\t\t\t\t<div class=\"elementor-container elementor-column-gap-no\">\n\t\t\t\t\t<div class=\"elementor-column elementor-col-50 elementor-top-column elementor-element elementor-element-660c34b\" data-id=\"660c34b\" data-element_type=\"column\" data-e-type=\"column\">\n\t\t\t<div class=\"elementor-widget-wrap elementor-element-populated\">\n\t\t\t\t\t\t<div class=\"elementor-element elementor-element-d376137 elementor-widget elementor-widget-text-editor\" data-id=\"d376137\" data-element_type=\"widget\" data-e-type=\"widget\" data-widget_type=\"text-editor.default\">\n\t\t\t\t<div class=\"elementor-widget-container\">\n\t\t\t\t\t\t\t\t\t<p>\u00a1Han transcurrido 82 a\u00f1os ! a trav\u00e9s de la tarea educativa, seguimos participando de la MISI\u00d3N EVANGELIZADORA\u00a0 de la Iglesia ; llevar a los hombres de hoy al encuentro personal con Cristo y contribuir a la transformaci\u00f3n del mundo.<\/p><p>Religiosas y personal seglar nos esforzamos por impartir una ense\u00f1anza que permita al hombre realizarse y ser consecuente con su compromiso bautismal<\/p>\t\t\t\t\t\t\t\t<\/div>\n\t\t\t\t<\/div>\n\t\t\t\t\t<\/div>\n\t\t<\/div>\n\t\t\t\t<div class=\"elementor-column elementor-col-50 elementor-top-column elementor-element elementor-element-37c09e7\" data-id=\"37c09e7\" data-element_type=\"column\" data-e-type=\"column\">\n\t\t\t<div class=\"elementor-widget-wrap elementor-element-populated\">\n\t\t\t\t\t\t<div class=\"elementor-element elementor-element-0a2285a ha-css-transform-yes elementor-widget elementor-widget-image\" data-id=\"0a2285a\" data-element_type=\"widget\" data-e-type=\"widget\" data-widget_type=\"image.default\">\n\t\t\t\t<div class=\"elementor-widget-container\">\n\t\t\t\t\t\t\t\t\t\t\t\t\t\t\t<img loading=\"lazy\" decoding=\"async\" width=\"1920\" height=\"1080\" src=\"https:\/\/mercedariasbarriosaltos.edu.pe\/wp-content\/uploads\/2023\/09\/foto3.jpg\" class=\"attachment-full size-full wp-image-5724\" alt=\"\" srcset=\"https:\/\/mercedariasbarriosaltos.edu.pe\/wp-content\/uploads\/2023\/09\/foto3.jpg 1920w, https:\/\/mercedariasbarriosaltos.edu.pe\/wp-content\/uploads\/2023\/09\/foto3-300x169.jpg 300w, https:\/\/mercedariasbarriosaltos.edu.pe\/wp-content\/uploads\/2023\/09\/foto3-1024x576.jpg 1024w, https:\/\/mercedariasbarriosaltos.edu.pe\/wp-content\/uploads\/2023\/09\/foto3-768x432.jpg 768w, https:\/\/mercedariasbarriosaltos.edu.pe\/wp-content\/uploads\/2023\/09\/foto3-1536x864.jpg 1536w\" sizes=\"(max-width: 1920px) 100vw, 1920px\" \/>\t\t\t\t\t\t\t\t\t\t\t\t\t\t\t<\/div>\n\t\t\t\t<\/div>\n\t\t\t\t\t<\/div>\n\t\t<\/div>\n\t\t\t\t\t<\/div>\n\t\t<\/section>\n\t\t\t\t<\/div>\n\t\t","protected":false},"excerpt":{"rendered":"<p>Misi\u00f3n Somos una Instituci\u00f3n Educativa que educa en los tres niveles de educaci\u00f3n b\u00e1sica regular, formada por religiosas mercedarias misioneras y laicos, teniendo como modelos a Jesucristo Redentor, Mar\u00eda de la Merced y Lutgarda Mas i Mateu. Brindamos a la comunidad donde nos encontramos\u00a0 una educaci\u00f3n humana, cristiana, integral y liberadora, buscando que cada uno [&hellip;]<\/p>\n","protected":false},"author":1,"featured_media":0,"parent":0,"menu_order":0,"comment_status":"closed","ping_status":"closed","template":"","meta":{"site-sidebar-layout":"no-sidebar","site-content-layout":"page-builder","ast-site-content-layout":"default","site-content-style":"default","site-sidebar-style":"default","ast-global-header-display":"","ast-banner-title-visibility":"","ast-main-header-display":"","ast-hfb-above-header-display":"","ast-hfb-below-header-display":"","ast-hfb-mobile-header-display":"","site-post-title":"disabled","ast-breadcrumbs-content":"","ast-featured-img":"disabled","footer-sml-layout":"","ast-disable-related-posts":"","theme-transparent-header-meta":"","adv-header-id-meta":"","stick-header-meta":"","header-above-stick-meta":"","header-main-stick-meta":"","header-below-stick-meta":"","astra-migrate-meta-layouts":"default","ast-page-background-enabled":"default","ast-page-background-meta":{"desktop":{"background-color":"","background-image":"","background-repeat":"repeat","background-position":"center center","background-size":"auto","background-attachment":"scroll","background-type":"","background-media":"","overlay-type":"","overlay-color":"","overlay-opacity":"","overlay-gradient":""},"tablet":{"background-color":"","background-image":"","background-repeat":"repeat","background-position":"center center","background-size":"auto","background-attachment":"scroll","background-type":"","background-media":"","overlay-type":"","overlay-color":"","overlay-opacity":"","overlay-gradient":""},"mobile":{"background-color":"","background-image":"","background-repeat":"repeat","background-position":"center center","background-size":"auto","background-attachment":"scroll","background-type":"","background-media":"","overlay-type":"","overlay-color":"","overlay-opacity":"","overlay-gradient":""}},"ast-content-background-meta":{"desktop":{"background-color":"var(--ast-global-color-5)","background-image":"","background-repeat":"repeat","background-position":"center center","background-size":"auto","background-attachment":"scroll","background-type":"","background-media":"","overlay-type":"","overlay-color":"","overlay-opacity":"","overlay-gradient":""},"tablet":{"background-color":"var(--ast-global-color-5)","background-image":"","background-repeat":"repeat","background-position":"center center","background-size":"auto","background-attachment":"scroll","background-type":"","background-media":"","overlay-type":"","overlay-color":"","overlay-opacity":"","overlay-gradient":""},"mobile":{"background-color":"var(--ast-global-color-5)","background-image":"","background-repeat":"repeat","background-position":"center center","background-size":"auto","background-attachment":"scroll","background-type":"","background-media":"","overlay-type":"","overlay-color":"","overlay-opacity":"","overlay-gradient":""}},"footnotes":""},"class_list":["post-27","page","type-page","status-publish","hentry"],"_links":{"self":[{"href":"https:\/\/mercedariasbarriosaltos.edu.pe\/index.php?rest_route=\/wp\/v2\/pages\/27","targetHints":{"allow":["GET"]}}],"collection":[{"href":"https:\/\/mercedariasbarriosaltos.edu.pe\/index.php?rest_route=\/wp\/v2\/pages"}],"about":[{"href":"https:\/\/mercedariasbarriosaltos.edu.pe\/index.php?rest_route=\/wp\/v2\/types\/page"}],"author":[{"embeddable":true,"href":"https:\/\/mercedariasbarriosaltos.edu.pe\/index.php?rest_route=\/wp\/v2\/users\/1"}],"replies":[{"embeddable":true,"href":"https:\/\/mercedariasbarriosaltos.edu.pe\/index.php?rest_route=%2Fwp%2Fv2%2Fcomments&post=27"}],"version-history":[{"count":139,"href":"https:\/\/mercedariasbarriosaltos.edu.pe\/index.php?rest_route=\/wp\/v2\/pages\/27\/revisions"}],"predecessor-version":[{"id":10390,"href":"https:\/\/mercedariasbarriosaltos.edu.pe\/index.php?rest_route=\/wp\/v2\/pages\/27\/revisions\/10390"}],"wp:attachment":[{"href":"https:\/\/mercedariasbarriosaltos.edu.pe\/index.php?rest_route=%2Fwp%2Fv2%2Fmedia&parent=27"}],"curies":[{"name":"wp","href":"https:\/\/api.w.org\/{rel}","templated":true}]}}